{"id":620,"date":"2026-02-16T12:06:48","date_gmt":"2026-02-16T11:06:48","guid":{"rendered":"https:\/\/ellington-photo.com\/ErosWalker\/?page_id=620"},"modified":"2026-02-16T12:09:22","modified_gmt":"2026-02-16T11:09:22","slug":"linconnu-de-la-montagne-noire-16","status":"publish","type":"page","link":"https:\/\/ellington-photo.com\/ErosWalker\/linconnu-de-la-montagne-noire-16\/","title":{"rendered":"L&rsquo;inconnu de la Montagne Noire (16)"},"content":{"rendered":"\n<p class=\"has-medium-font-size\"><strong>Vendredi 3 octobre<\/strong><\/p>\n\n\n\n<p>La nuit avait \u00e9t\u00e9 fraiche en ce d\u00e9but d\u2019automne. La maison ne se trouvait qu\u2019\u00e0 600m d\u2019altitude, mais \u00e0 cette p\u00e9riode de l\u2019ann\u00e9e, le contraste avec le climat de Marseille \u00e9tait saisissant. Laurent Cazenave avait allum\u00e9 un feu dans la chemin\u00e9e, il y avait encore une grosse r\u00e9serve de bois derri\u00e8re la maison, et il \u00e9tait en train de parcourir l\u2019un des carnets de son p\u00e8re, une tasse de caf\u00e9 pos\u00e9e sur la table basse, quand Miquel Pujol le contacta par t\u00e9l\u00e9phone.<\/p>\n\n\n\n<p>\u2014 Bonjour Commissaire, enfin, Monsieur Cazenave, engagea le vieil homme.<\/p>\n\n\n\n<p>\u2014 Je vous en prie, Laurent, ira tr\u00e8s bien.<\/p>\n\n\n\n<p>\u2014 Entendu Laurent, j\u2019ai beaucoup pens\u00e9 \u00e0 notre conversation d\u2019hier, et je me demandais si je pourrais faire un saut chez vous dans la journ\u00e9e, je suis vraiment curieux de d\u00e9couvrir les archives de votre p\u00e8re.<\/p>\n\n\n\n<p>\u2014 Je n\u2019ai rien de particulier pour aujourd\u2019hui, voulez-vous d\u00e9jeuner avec moi ? Je ne suis pas un cordon bleu, mais j\u2019essaie de me d\u00e9brouiller avec les produits locaux !<\/p>\n\n\n\n<p>\u2014 Ce sera avec plaisir, je monterai avec une bouteille de vin !<\/p>\n\n\n\n<p>L\u2019ancien policier avait conscience que depuis son installation, il n\u2019avait pas trop song\u00e9 \u00e0 s\u2019ins\u00e9rer dans la vie locale. Il avait pass\u00e9 l\u2019essentiel de son temps \u00e0 l\u2019am\u00e9nagement de la maison, ce qui l\u2019avait oblig\u00e9 \u00e0 se rendre plus souvent qu\u2019\u00e0 son tour \u00e0 Castres ou m\u00eame \u00e0 Carcassonne pour y chercher mat\u00e9riaux, outillage et accessoires de d\u00e9coration. Il en profitait pour remplir son chariot de surgel\u00e9s et de conserves, souvenir de sa vie de flic c\u00e9libataire dans la cit\u00e9 phoc\u00e9enne. Ce n\u2019est qu\u2019apr\u00e8s l\u2019\u00e9t\u00e9 et le d\u00e9part des touristes qu\u2019il avait pris go\u00fbt aux march\u00e9s de plein vent, celui de Revel, le samedi matin, en particulier. Avec l\u2019hiver, il lui faudrait s\u00e9rieusement songer \u00e0 trouver quelques activit\u00e9s associatives, sous peine de se transformer en un vieil ours grincheux. Le soudain int\u00e9r\u00eat de Pujol pour l\u2019histoire du maquis n\u2019\u00e9tait pas pour lui d\u00e9plaire.<\/p>\n\n\n\n<p>L\u2019instituteur se pr\u00e9senta un peu apr\u00e8s midi, Laurent \u00e9tait encore dans la cuisine, \u00e0 pr\u00e9parer une po\u00eal\u00e9e de champignons.<\/p>\n\n\n\n<p>\u2014 Venez me rejoindre, j\u2019en ai encore pour quelques minutes. Ne croyez pas que je les ai trouv\u00e9s dans la montagne, je ne connais pas encore les bons coins. Ils viennent de chez Picard !<\/p>\n\n\n\n<p>\u2014 Je vous en ferai d\u00e9couvrir, si vous voulez !<\/p>\n\n\n\n<p>\u2014 C\u2019est fort aimable, je croyais qu\u2019avec les \u00e9trangers, \u00e7a ne se faisait pas.<\/p>\n\n\n\n<p>\u2014 Vous n\u2019\u00eates pas un \u00e9tranger, vous \u00eates de Sor\u00e8ze, et j\u2019ai bien connu vos parents.<\/p>\n\n\n\n<p>\u2014 Alors ce sera avec plaisir. Mais avant, vous allez me dire ce que vous pensez de \u00e7a.<\/p>\n\n\n\n<p>Cazenave souleva le couvercle de la cocotte sur le coin de la plaque de cuisson.<\/p>\n\n\n\n<p>\u2014 Depuis que je suis ici, je prends plaisir \u00e0 <em>toupiner<\/em>, c\u2019est bien comme \u00e7a qu\u2019on dit ?<\/p>\n\n\n\n<p>\u2014 Vous parlez l\u2019occitan, Laurent ?<\/p>\n\n\n\n<p>\u2014 Non, mais je vais peut-\u00eatre m\u2019y mettre, je crois que mes parents le comprenaient, mais ils ne le parlaient pas entre eux. Ma grand-m\u00e8re, oui, mais \u00e7a remonte \u00e0 loin et elle ne disait pas occitan, mais patois.<\/p>\n\n\n\n<p>\u2014 C\u2019est vrai, les gens d\u2019ici consid\u00e8rent encore que l\u2019occitan, c\u2019est pour les intellectuels. En tant qu\u2019instituteur, j\u2019ai \u00e9t\u00e9 impr\u00e9gn\u00e9 de doctrine unitaire, le fran\u00e7ais, une seule langue pour souder une nation, mais d\u00e8s les ann\u00e9es 70, il y a eu un renouveau, une red\u00e9couverte de la langue locale.<\/p>\n\n\n\n<p>Une heure plus tard, le repas \u00e9tait achev\u00e9 et Laurent invita Pujol \u00e0 d\u00e9couvrir le saint des saints.<\/p>\n\n\n\n<p>\u2014 Voil\u00e0 le cabinet de travail de mon p\u00e8re ! J\u2019ai mis un peu d\u2019ordre et j\u2019ai fait un grand m\u00e9nage. Je pense que personne n\u2019\u00e9tait entr\u00e9 ici depuis sa mort, il y a plus de dix ans.<\/p>\n\n\n\n<p>\u2014 C\u2019est impressionnant, souffla l\u2019ancien maire. Et tout \u00e7a est consacr\u00e9 au maquis ?<\/p>\n\n\n\n<p>\u2014 Il y a quelques livres qui traitent de la p\u00e9riode qui a pr\u00e9c\u00e9d\u00e9 la guerre et des op\u00e9rations en g\u00e9n\u00e9ral, mais oui, l\u2019essentiel est focalis\u00e9 sur les maquis du sud-ouest, le CFMN surtout.<\/p>\n\n\n\n<p>\u2014 Le CFMN ? demanda Pujol.<\/p>\n\n\n\n<p>\u2014 Le Corps Franc de la Montagne Noire, c\u2019est comme \u00e7a que le groupe de maquisard s\u2019\u00e9tait baptis\u00e9. En fait, il n\u2019a pas \u00e9t\u00e9 actif tr\u00e8s longtemps. J\u2019ai reconstitu\u00e9 la chronologie g\u00e9n\u00e9ral. Le CFMN a \u00e9t\u00e9 constitu\u00e9 en un groupe structur\u00e9 au d\u00e9but de 1944 et il a \u00e9t\u00e9 incorpor\u00e9 \u00e0 l\u2019arm\u00e9e <em>de Lattre<\/em> \u00e0 l\u2019automne, quand ses troupes sont remont\u00e9es vers l\u2019Allemagne. Le pic d\u2019activit\u00e9 se situe au milieu de l\u2019\u00e9t\u00e9 44, sur \u00e0 peine plus d\u2019un mois.<\/p>\n\n\n\n<p>\u2014 Qu\u2019est-ce qui a pouss\u00e9 votre p\u00e8re \u00e0 accumuler toute cette documentation ? Il a \u00e9t\u00e9 impliqu\u00e9 lui-m\u00eame ?<\/p>\n\n\n\n<p>\u2014 Non, je pense qu\u2019il \u00e9tait trop jeune pour avoir particip\u00e9 aux combats, mais il a peut-\u00eatre eu l\u2019occasion de c\u00f4toyer certains de ces hommes, il n\u2019avaient que quelques ann\u00e9es de plus que lui.<\/p>\n\n\n\n<p>\u2014 Oui, c\u2019est vrai, j\u2019en ai moi aussi connu quelques uns. Vous pensez qu\u2019il voulait en faire un livre ?<\/p>\n\n\n\n<p>\u2014 Je ne sais pas, je n\u2019ai pas encore fouill\u00e9 ses documents personnels, je suppose qu\u2019il avait beaucoup de contacts. Ces documents ne sont pas arriv\u00e9s l\u00e0 tout seuls.<\/p>\n\n\n\n<p>\u2014 Qu\u2019est-ce que vous comptez en faire ? Vous allez vous y plonger vous-m\u00eame ?<\/p>\n\n\n\n<p>\u2014 Non, je ne crois pas, je vais sans doute prendre contact avec les archives d\u00e9partementales, mais si vous voulez en profiter auparavant, je vous laisse tout le temps.<\/p>\n\n\n\n<p>\u2014 Je vous en suis reconnaissant, si vous le permettez, je vais jeter un coup d\u2019\u0153il.<\/p>\n\n\n\n<p>\u2014 \u00c0 votre aise, j\u2019ai tri\u00e9 les documents par nature, les carnets contiennent des notes et des r\u00e9sum\u00e9s. Les gros cahiers, ce sont les copies de documents originaux et les livres de r\u00e9f\u00e9rence sont sur les \u00e9tag\u00e8res derri\u00e8re la porte.<\/p>\n\n\n\n<p><\/p>\n\n\n\n<p>\u00c0 suivre&#8230;<\/p>\n","protected":false},"excerpt":{"rendered":"<p>Vendredi 3 octobre La nuit avait \u00e9t\u00e9 fraiche en ce d\u00e9but d\u2019automne. La maison ne se trouvait qu\u2019\u00e0 600m d\u2019altitude, mais \u00e0 cette p\u00e9riode de l\u2019ann\u00e9e, le contraste avec le climat de Marseille \u00e9tait saisissant. Laurent Cazenave avait allum\u00e9 un feu dans la chemin\u00e9e, il &hellip; <\/p>\n","protected":false},"author":1,"featured_media":623,"parent":0,"menu_order":0,"comment_status":"closed","ping_status":"closed","template":"","meta":{"footnotes":""},"class_list":["post-620","page","type-page","status-publish","has-post-thumbnail","hentry"],"yoast_head":"<!-- This site is optimized with the Yoast SEO plugin v27.5 - https:\/\/yoast.com\/product\/yoast-seo-wordpress\/ -->\n<title>L&#039;inconnu de la Montagne Noire (16) - Eros Walker Stories<\/title>\n<meta name=\"robots\" content=\"index, follow, max-snippet:-1, max-image-preview:large, max-video-preview:-1\" \/>\n<link rel=\"canonical\" href=\"https:\/\/ellington-photo.com\/ErosWalker\/linconnu-de-la-montagne-noire-16\/\" \/>\n<meta property=\"og:locale\" content=\"fr_FR\" \/>\n<meta property=\"og:type\" content=\"article\" \/>\n<meta property=\"og:title\" content=\"L&#039;inconnu de la Montagne Noire (16) - Eros Walker Stories\" \/>\n<meta property=\"og:description\" content=\"Vendredi 3 octobre La nuit avait \u00e9t\u00e9 fraiche en ce d\u00e9but d\u2019automne. La maison ne se trouvait qu\u2019\u00e0 600m d\u2019altitude, mais \u00e0 cette p\u00e9riode de l\u2019ann\u00e9e, le contraste avec le climat de Marseille \u00e9tait saisissant. Laurent Cazenave avait allum\u00e9 un feu dans la chemin\u00e9e, il &hellip;\" \/>\n<meta property=\"og:url\" content=\"https:\/\/ellington-photo.com\/ErosWalker\/linconnu-de-la-montagne-noire-16\/\" \/>\n<meta property=\"og:site_name\" content=\"Eros Walker Stories\" \/>\n<meta property=\"article:modified_time\" content=\"2026-02-16T11:09:22+00:00\" \/>\n<meta property=\"og:image\" content=\"https:\/\/ellington-photo.com\/ErosWalker\/wp-content\/uploads\/2026\/02\/Chapitre-16-Dejeuner.jpg\" \/>\n\t<meta property=\"og:image:width\" content=\"1024\" \/>\n\t<meta property=\"og:image:height\" content=\"768\" \/>\n\t<meta property=\"og:image:type\" content=\"image\/jpeg\" \/>\n<meta name=\"twitter:card\" content=\"summary_large_image\" \/>\n<meta name=\"twitter:label1\" content=\"Dur\u00e9e de lecture estim\u00e9e\" \/>\n\t<meta name=\"twitter:data1\" content=\"5 minutes\" \/>\n<script type=\"application\/ld+json\" class=\"yoast-schema-graph\">{\"@context\":\"https:\\\/\\\/schema.org\",\"@graph\":[{\"@type\":\"WebPage\",\"@id\":\"https:\\\/\\\/ellington-photo.com\\\/ErosWalker\\\/linconnu-de-la-montagne-noire-16\\\/\",\"url\":\"https:\\\/\\\/ellington-photo.com\\\/ErosWalker\\\/linconnu-de-la-montagne-noire-16\\\/\",\"name\":\"L'inconnu de la Montagne Noire (16) - Eros Walker Stories\",\"isPartOf\":{\"@id\":\"https:\\\/\\\/ellington-photo.com\\\/ErosWalker\\\/#website\"},\"primaryImageOfPage\":{\"@id\":\"https:\\\/\\\/ellington-photo.com\\\/ErosWalker\\\/linconnu-de-la-montagne-noire-16\\\/#primaryimage\"},\"image\":{\"@id\":\"https:\\\/\\\/ellington-photo.com\\\/ErosWalker\\\/linconnu-de-la-montagne-noire-16\\\/#primaryimage\"},\"thumbnailUrl\":\"https:\\\/\\\/ellington-photo.com\\\/ErosWalker\\\/wp-content\\\/uploads\\\/2026\\\/02\\\/Chapitre-16-Dejeuner.jpg\",\"datePublished\":\"2026-02-16T11:06:48+00:00\",\"dateModified\":\"2026-02-16T11:09:22+00:00\",\"breadcrumb\":{\"@id\":\"https:\\\/\\\/ellington-photo.com\\\/ErosWalker\\\/linconnu-de-la-montagne-noire-16\\\/#breadcrumb\"},\"inLanguage\":\"fr-FR\",\"potentialAction\":[{\"@type\":\"ReadAction\",\"target\":[\"https:\\\/\\\/ellington-photo.com\\\/ErosWalker\\\/linconnu-de-la-montagne-noire-16\\\/\"]}]},{\"@type\":\"ImageObject\",\"inLanguage\":\"fr-FR\",\"@id\":\"https:\\\/\\\/ellington-photo.com\\\/ErosWalker\\\/linconnu-de-la-montagne-noire-16\\\/#primaryimage\",\"url\":\"https:\\\/\\\/ellington-photo.com\\\/ErosWalker\\\/wp-content\\\/uploads\\\/2026\\\/02\\\/Chapitre-16-Dejeuner.jpg\",\"contentUrl\":\"https:\\\/\\\/ellington-photo.com\\\/ErosWalker\\\/wp-content\\\/uploads\\\/2026\\\/02\\\/Chapitre-16-Dejeuner.jpg\",\"width\":1024,\"height\":768,\"caption\":\"D\u00e9jeuner\"},{\"@type\":\"BreadcrumbList\",\"@id\":\"https:\\\/\\\/ellington-photo.com\\\/ErosWalker\\\/linconnu-de-la-montagne-noire-16\\\/#breadcrumb\",\"itemListElement\":[{\"@type\":\"ListItem\",\"position\":1,\"name\":\"Accueil\",\"item\":\"https:\\\/\\\/ellington-photo.com\\\/ErosWalker\\\/\"},{\"@type\":\"ListItem\",\"position\":2,\"name\":\"L&rsquo;inconnu de la Montagne Noire (16)\"}]},{\"@type\":\"WebSite\",\"@id\":\"https:\\\/\\\/ellington-photo.com\\\/ErosWalker\\\/#website\",\"url\":\"https:\\\/\\\/ellington-photo.com\\\/ErosWalker\\\/\",\"name\":\"Eros Walker Stories\",\"description\":\"Litt\u00e9rature et images\",\"publisher\":{\"@id\":\"https:\\\/\\\/ellington-photo.com\\\/ErosWalker\\\/#organization\"},\"potentialAction\":[{\"@type\":\"SearchAction\",\"target\":{\"@type\":\"EntryPoint\",\"urlTemplate\":\"https:\\\/\\\/ellington-photo.com\\\/ErosWalker\\\/?s={search_term_string}\"},\"query-input\":{\"@type\":\"PropertyValueSpecification\",\"valueRequired\":true,\"valueName\":\"search_term_string\"}}],\"inLanguage\":\"fr-FR\"},{\"@type\":\"Organization\",\"@id\":\"https:\\\/\\\/ellington-photo.com\\\/ErosWalker\\\/#organization\",\"name\":\"Eros Walker Stories\",\"url\":\"https:\\\/\\\/ellington-photo.com\\\/ErosWalker\\\/\",\"logo\":{\"@type\":\"ImageObject\",\"inLanguage\":\"fr-FR\",\"@id\":\"https:\\\/\\\/ellington-photo.com\\\/ErosWalker\\\/#\\\/schema\\\/logo\\\/image\\\/\",\"url\":\"https:\\\/\\\/ellington-photo.com\\\/ErosWalker\\\/wp-content\\\/uploads\\\/2025\\\/05\\\/Chat-Noir.jpg\",\"contentUrl\":\"https:\\\/\\\/ellington-photo.com\\\/ErosWalker\\\/wp-content\\\/uploads\\\/2025\\\/05\\\/Chat-Noir.jpg\",\"width\":400,\"height\":391,\"caption\":\"Eros Walker Stories\"},\"image\":{\"@id\":\"https:\\\/\\\/ellington-photo.com\\\/ErosWalker\\\/#\\\/schema\\\/logo\\\/image\\\/\"},\"sameAs\":[\"https:\\\/\\\/www.linkedin.com\\\/in\\\/eros-walker-ab710a298\\\/\"]}]}<\/script>\n<!-- \/ Yoast SEO plugin. -->","yoast_head_json":{"title":"L'inconnu de la Montagne Noire (16) - Eros Walker Stories","robots":{"index":"index","follow":"follow","max-snippet":"max-snippet:-1","max-image-preview":"max-image-preview:large","max-video-preview":"max-video-preview:-1"},"canonical":"https:\/\/ellington-photo.com\/ErosWalker\/linconnu-de-la-montagne-noire-16\/","og_locale":"fr_FR","og_type":"article","og_title":"L'inconnu de la Montagne Noire (16) - Eros Walker Stories","og_description":"Vendredi 3 octobre La nuit avait \u00e9t\u00e9 fraiche en ce d\u00e9but d\u2019automne. La maison ne se trouvait qu\u2019\u00e0 600m d\u2019altitude, mais \u00e0 cette p\u00e9riode de l\u2019ann\u00e9e, le contraste avec le climat de Marseille \u00e9tait saisissant. Laurent Cazenave avait allum\u00e9 un feu dans la chemin\u00e9e, il &hellip;","og_url":"https:\/\/ellington-photo.com\/ErosWalker\/linconnu-de-la-montagne-noire-16\/","og_site_name":"Eros Walker Stories","article_modified_time":"2026-02-16T11:09:22+00:00","og_image":[{"width":1024,"height":768,"url":"https:\/\/ellington-photo.com\/ErosWalker\/wp-content\/uploads\/2026\/02\/Chapitre-16-Dejeuner.jpg","type":"image\/jpeg"}],"twitter_card":"summary_large_image","twitter_misc":{"Dur\u00e9e de lecture estim\u00e9e":"5 minutes"},"schema":{"@context":"https:\/\/schema.org","@graph":[{"@type":"WebPage","@id":"https:\/\/ellington-photo.com\/ErosWalker\/linconnu-de-la-montagne-noire-16\/","url":"https:\/\/ellington-photo.com\/ErosWalker\/linconnu-de-la-montagne-noire-16\/","name":"L'inconnu de la Montagne Noire (16) - Eros Walker Stories","isPartOf":{"@id":"https:\/\/ellington-photo.com\/ErosWalker\/#website"},"primaryImageOfPage":{"@id":"https:\/\/ellington-photo.com\/ErosWalker\/linconnu-de-la-montagne-noire-16\/#primaryimage"},"image":{"@id":"https:\/\/ellington-photo.com\/ErosWalker\/linconnu-de-la-montagne-noire-16\/#primaryimage"},"thumbnailUrl":"https:\/\/ellington-photo.com\/ErosWalker\/wp-content\/uploads\/2026\/02\/Chapitre-16-Dejeuner.jpg","datePublished":"2026-02-16T11:06:48+00:00","dateModified":"2026-02-16T11:09:22+00:00","breadcrumb":{"@id":"https:\/\/ellington-photo.com\/ErosWalker\/linconnu-de-la-montagne-noire-16\/#breadcrumb"},"inLanguage":"fr-FR","potentialAction":[{"@type":"ReadAction","target":["https:\/\/ellington-photo.com\/ErosWalker\/linconnu-de-la-montagne-noire-16\/"]}]},{"@type":"ImageObject","inLanguage":"fr-FR","@id":"https:\/\/ellington-photo.com\/ErosWalker\/linconnu-de-la-montagne-noire-16\/#primaryimage","url":"https:\/\/ellington-photo.com\/ErosWalker\/wp-content\/uploads\/2026\/02\/Chapitre-16-Dejeuner.jpg","contentUrl":"https:\/\/ellington-photo.com\/ErosWalker\/wp-content\/uploads\/2026\/02\/Chapitre-16-Dejeuner.jpg","width":1024,"height":768,"caption":"D\u00e9jeuner"},{"@type":"BreadcrumbList","@id":"https:\/\/ellington-photo.com\/ErosWalker\/linconnu-de-la-montagne-noire-16\/#breadcrumb","itemListElement":[{"@type":"ListItem","position":1,"name":"Accueil","item":"https:\/\/ellington-photo.com\/ErosWalker\/"},{"@type":"ListItem","position":2,"name":"L&rsquo;inconnu de la Montagne Noire (16)"}]},{"@type":"WebSite","@id":"https:\/\/ellington-photo.com\/ErosWalker\/#website","url":"https:\/\/ellington-photo.com\/ErosWalker\/","name":"Eros Walker Stories","description":"Litt\u00e9rature et images","publisher":{"@id":"https:\/\/ellington-photo.com\/ErosWalker\/#organization"},"potentialAction":[{"@type":"SearchAction","target":{"@type":"EntryPoint","urlTemplate":"https:\/\/ellington-photo.com\/ErosWalker\/?s={search_term_string}"},"query-input":{"@type":"PropertyValueSpecification","valueRequired":true,"valueName":"search_term_string"}}],"inLanguage":"fr-FR"},{"@type":"Organization","@id":"https:\/\/ellington-photo.com\/ErosWalker\/#organization","name":"Eros Walker Stories","url":"https:\/\/ellington-photo.com\/ErosWalker\/","logo":{"@type":"ImageObject","inLanguage":"fr-FR","@id":"https:\/\/ellington-photo.com\/ErosWalker\/#\/schema\/logo\/image\/","url":"https:\/\/ellington-photo.com\/ErosWalker\/wp-content\/uploads\/2025\/05\/Chat-Noir.jpg","contentUrl":"https:\/\/ellington-photo.com\/ErosWalker\/wp-content\/uploads\/2025\/05\/Chat-Noir.jpg","width":400,"height":391,"caption":"Eros Walker Stories"},"image":{"@id":"https:\/\/ellington-photo.com\/ErosWalker\/#\/schema\/logo\/image\/"},"sameAs":["https:\/\/www.linkedin.com\/in\/eros-walker-ab710a298\/"]}]}},"_links":{"self":[{"href":"https:\/\/ellington-photo.com\/ErosWalker\/wp-json\/wp\/v2\/pages\/620","targetHints":{"allow":["GET"]}}],"collection":[{"href":"https:\/\/ellington-photo.com\/ErosWalker\/wp-json\/wp\/v2\/pages"}],"about":[{"href":"https:\/\/ellington-photo.com\/ErosWalker\/wp-json\/wp\/v2\/types\/page"}],"author":[{"embeddable":true,"href":"https:\/\/ellington-photo.com\/ErosWalker\/wp-json\/wp\/v2\/users\/1"}],"replies":[{"embeddable":true,"href":"https:\/\/ellington-photo.com\/ErosWalker\/wp-json\/wp\/v2\/comments?post=620"}],"version-history":[{"count":1,"href":"https:\/\/ellington-photo.com\/ErosWalker\/wp-json\/wp\/v2\/pages\/620\/revisions"}],"predecessor-version":[{"id":622,"href":"https:\/\/ellington-photo.com\/ErosWalker\/wp-json\/wp\/v2\/pages\/620\/revisions\/622"}],"wp:featuredmedia":[{"embeddable":true,"href":"https:\/\/ellington-photo.com\/ErosWalker\/wp-json\/wp\/v2\/media\/623"}],"wp:attachment":[{"href":"https:\/\/ellington-photo.com\/ErosWalker\/wp-json\/wp\/v2\/media?parent=620"}],"curies":[{"name":"wp","href":"https:\/\/api.w.org\/{rel}","templated":true}]}}