{"id":615,"date":"2026-02-16T12:03:41","date_gmt":"2026-02-16T11:03:41","guid":{"rendered":"https:\/\/ellington-photo.com\/ErosWalker\/?page_id=615"},"modified":"2026-02-16T12:10:53","modified_gmt":"2026-02-16T11:10:53","slug":"linconnu-de-la-montagne-noire-15","status":"publish","type":"page","link":"https:\/\/ellington-photo.com\/ErosWalker\/linconnu-de-la-montagne-noire-15\/","title":{"rendered":"L&rsquo;inconnu de la Montagne Noire (15)"},"content":{"rendered":"\n<p class=\"has-medium-font-size\"><strong>Jeudi 2 octobre<\/strong><\/p>\n\n\n\n<p>L\u2019adjudante Dumaine n\u2019avait pas pour habitude de perdre du temps \u00e0 l\u2019heure du repas. Elle pr\u00e9f\u00e9rait concentrer ses heures de travail pour avoir un peu plus de temps \u00e0 consacrer \u00e0 ses loisirs en fin de journ\u00e9e, en particulier de longues courses le long du canal du Midi ou dans le parc sur l\u2019ile du Ramier. Il lui fallut tout de m\u00eame attendre que ses coll\u00e8gues de l\u2019Identit\u00e9 Judiciaire aient termin\u00e9 leur pause d\u00e9jeuner pour aller leur parler de la valise fauve.<\/p>\n\n\n\n<p>\u2014 Nous avons proc\u00e9d\u00e9 \u00e0 une recherche d\u2019empreintes sur toutes les surfaces externes, d\u00e9clara le sergent Modiano, nous n\u2019avons rien trouv\u00e9 d\u2019autre que celles de l\u2019homme retrouv\u00e9 dans la montagne.<\/p>\n\n\n\n<p>\u2014 On a son identit\u00e9, r\u00e9pondit Clarisse, il s\u2019appelle Rudolf Kaiser, un journaliste allemand.<\/p>\n\n\n\n<p>\u2014 OK, nous l\u2019appellerons Kaiser. La valise \u00e9tait ferm\u00e9e \u00e0 cl\u00e9, mais nous n\u2019avons pas trouv\u00e9 celle-ci dans ses v\u00eatements, pas plus que les cl\u00e9s de chez lui, d\u2019ailleurs.<\/p>\n\n\n\n<p>\u2014 En effet, c\u2019est un peu surprenant, ce n\u2019est pas la seule chose qui manque, nous n\u2019avons pas de t\u00e9l\u00e9phone portable non plus.<\/p>\n\n\n\n<p>\u2014 L\u2019ouverture n\u2019a pas pos\u00e9 de probl\u00e8me, un gamin de dix ans aurait r\u00e9ussi avec un trombone. Sans surprise, des v\u00eatements, d\u00e9j\u00e0 port\u00e9s pour la plupart, quelques affaires de toilette, du genre bon march\u00e9, un bouquin en Allemand, <em>Der geteilte Himmel<\/em>, d\u2019une certaine Christa Wolf, je n\u2019ai jamais entendu ce nom, et je n\u2019ai pas eu la curiosit\u00e9 de chercher. Il y avait aussi un ouvrage en fran\u00e7ais, sur la lib\u00e9ration du Tarn et les FFI pendant la guerre. Je l\u2019ai parcouru, il y a pas mal de pages marqu\u00e9es et annot\u00e9es.<\/p>\n\n\n\n<p>\u2014 C\u2019est coh\u00e9rent avec ce qu\u2019on sait du personnage, il travaillait sur la seconde guerre mondiale. Je vais regarder \u00e7a de plus pr\u00e8s, peut-\u00eatre que je trouverai des noms qu\u2019il aurait pu chercher \u00e0 contacter. Tu n\u2019as pas trouv\u00e9 d\u2019agenda ou de carnet d\u2019adresses ?<\/p>\n\n\n\n<p>\u2014 Non, mais dans le bouquin, il y avait un petit papier, peut-\u00eatre un marque page, avec un num\u00e9ro de t\u00e9l\u00e9phone, un num\u00e9ro fran\u00e7ais.<\/p>\n\n\n\n<p>\u2014 Tu as cherch\u00e9 \u00e0 qui appartient ce num\u00e9ro ?<\/p>\n\n\n\n<p>\u2014 Non, pas encore, mais on peut le faire tout de suite. C\u2019est un num\u00e9ro qui commence par 05 63, c\u2019est dans le Tarn. Tiens, voil\u00e0, c\u2019est le num\u00e9ro des Archives D\u00e9partementales, \u00e0 Albi.<\/p>\n\n\n\n<p>\u2014 Je vais prendre contact. Maillet examine le GPS de la voiture, on verra s\u2019il s\u2019est rendu l\u00e0-bas.<\/p>\n\n\n\n<p>\u2014 Tiens, je te note l\u2019adresse.<\/p>\n\n\n\n<p>\u2014 Tu as v\u00e9rifi\u00e9 s\u2019il y avait un compartiment cach\u00e9, un double-fond\u2026<\/p>\n\n\n\n<p>\u2014 Tu crois que c\u2019\u00e9tait un espion ? plaisanta le TIJ.<\/p>\n\n\n\n<p>\u2014 Non, mais il \u00e9tait sans doute un peu parano, r\u00e9pondit l\u2019adjudante. Il voulait peut-\u00eatre cacher certaines choses.<\/p>\n\n\n\n<p>\u2014 On a pass\u00e9 la valise au scanner avant de l\u2019ouvrir, on n\u2019a rien remarqu\u00e9 d\u2019anormal.<\/p>\n\n\n\n<p>\u2014 Bon, c\u2019est moi qui me fait un film. Je vais jeter un coup d\u2019\u0153il \u00e0 ces documents. Je te remercie.<\/p>\n\n\n\n<p>Clarisse retourna \u00e0 son bureau avec les deux ouvrages, le roman avait l\u2019air d\u2019avoir d\u00e9j\u00e0 bien v\u00e9cu. C\u2019\u00e9tait une \u00e9dition bon march\u00e9 dont la couverture \u00e9tait abim\u00e9e et les pages jaunies. Arriv\u00e9e \u00e0 son poste de travail, elle lan\u00e7a une recherche. Elle d\u00e9couvrit que Christa Wolf \u00e9tait une \u00e9crivaine qui avait connu un certain succ\u00e8s en RDA. Son \u0153uvre la plus c\u00e9l\u00e8bre \u00e9tait <em>Le Ciel partag\u00e9<\/em>, le livre qu\u2019elle avait entre les mains, racontant l\u2019histoire d\u2019une jeune femme d\u00e9chir\u00e9e entre son amour pour un homme pass\u00e9 \u00e0 l\u2019Ouest et sa loyaut\u00e9 envers le r\u00e9gime socialiste de l\u2019Est. Elle parcourut rapidement les feuillets, sans rien d\u00e9couvrir de particulier. Elle nota qu\u2019il lui faudrait en parler au traducteur, quand il se pr\u00e9senterait.<\/p>\n\n\n\n<p>Le livre fran\u00e7ais \u00e9tait beaucoup plus r\u00e9cent. Ce n\u2019\u00e9tait pas un \u00e9crit grand public, plut\u00f4t un travail universitaire. Il regroupait les travaux de plusieurs historiens autour des actions militaires dans le d\u00e9partement au moment de la Lib\u00e9ration. Plusieurs pages comportaient des annotations en allemand, uniquement dans la section consacr\u00e9e aux groupes de r\u00e9sistance, et tout particuli\u00e8rement au CFMN, le Corps Franc de la Montagne Noire. Clarisse se souvint de la suggestion du major de contacter le Mus\u00e9e de la R\u00e9sistance. Elle d\u00e9cida toutefois de d\u00e9buter par le num\u00e9ro trouv\u00e9 dans le bouquin. Apr\u00e8s quelques secondes d\u2019attente, elle eut un correspondant en ligne.<\/p>\n\n\n\n<p>\u2014 En effet, dit la voix au bout du fil, nous avons re\u00e7u un appel il y a quelques jours d\u2019une personne avec un fort accent allemand. Elle voulait consulter nos archives sur la seconde guerre mondiale, plus particuli\u00e8rement sur les maquisards.<\/p>\n\n\n\n<p>\u2014 Vous pourriez me dire \u00e0 quand remonte cet appel ? demanda Clarisse.<\/p>\n\n\n\n<p>\u2014 Je n\u2019ai pas not\u00e9 la date exacte, c\u2019\u00e9tait un appel tr\u00e8s banal, vous savez, mais je dirais trois ou quatre semaines. En fait, je venais de rentrer de vacances, donc je dirais au tout d\u00e9but septembre.<\/p>\n\n\n\n<p>\u2014 Et qu\u2019avez-vous propos\u00e9 \u00e0 cet homme ?<\/p>\n\n\n\n<p>\u2014 Je lui ai dit qu\u2019il pouvait venir consulter les documents sur place ou acc\u00e9der \u00e0 notre fonds num\u00e9ris\u00e9 directement en ligne. Il a dit qu\u2019il aimerait pouvoir parler avec une personne connaissant bien cette p\u00e9riode.<\/p>\n\n\n\n<p>\u2014 Vous lui avez recommand\u00e9 quelqu\u2019un ?<\/p>\n\n\n\n<p>\u2014 Oui, en fait, je ne savais pas trop, alors je l\u2019ai aiguill\u00e9 sur Monsieur Marchand, c\u2019est lui qui s\u2019occupe de la partie historique ici, et ensuite je n\u2019en sais pas plus.<\/p>\n\n\n\n<p>\u2014 Je pourrais parler \u00e0 ce Monsieur Marchand ?<\/p>\n\n\n\n<p>\u2014 Il n\u2019est pas l\u00e0 cet apr\u00e8s-midi, mais je crois qu\u2019il sera pr\u00e9sent demain.<\/p>\n\n\n\n<p>\u2014 Parfait, vous pouvez prendre un message pour lui ? Dites-lui que l\u2019adjudante Dumaine, de la Gendarmerie de Toulouse, passera le voir en fin de matin\u00e9e. Je vous laisse mon num\u00e9ro, qu\u2019il n\u2019h\u00e9site pas \u00e0 me contacter en cas de probl\u00e8me.<\/p>\n\n\n\n<p><\/p>\n\n\n\n<p><a href=\"https:\/\/ellington-photo.com\/ErosWalker\/linconnu-de-la-montagne-noire-16\/\" type=\"link\" id=\"https:\/\/ellington-photo.com\/ErosWalker\/linconnu-de-la-montagne-noire-16\/\">Lire la suite<\/a><\/p>\n\n\n\n<p><\/p>\n","protected":false},"excerpt":{"rendered":"<p>Jeudi 2 octobre L\u2019adjudante Dumaine n\u2019avait pas pour habitude de perdre du temps \u00e0 l\u2019heure du repas. Elle pr\u00e9f\u00e9rait concentrer ses heures de travail pour avoir un peu plus de temps \u00e0 consacrer \u00e0 ses loisirs en fin de journ\u00e9e, en particulier de longues courses &hellip; <\/p>\n","protected":false},"author":1,"featured_media":618,"parent":0,"menu_order":0,"comment_status":"closed","ping_status":"closed","template":"","meta":{"footnotes":""},"class_list":["post-615","page","type-page","status-publish","has-post-thumbnail","hentry"],"yoast_head":"<!-- This site is optimized with the Yoast SEO plugin v27.5 - https:\/\/yoast.com\/product\/yoast-seo-wordpress\/ -->\n<title>L&#039;inconnu de la Montagne Noire (15) - Eros Walker Stories<\/title>\n<meta name=\"robots\" content=\"index, follow, max-snippet:-1, max-image-preview:large, max-video-preview:-1\" \/>\n<link rel=\"canonical\" href=\"https:\/\/ellington-photo.com\/ErosWalker\/linconnu-de-la-montagne-noire-15\/\" \/>\n<meta property=\"og:locale\" content=\"fr_FR\" \/>\n<meta property=\"og:type\" content=\"article\" \/>\n<meta property=\"og:title\" content=\"L&#039;inconnu de la Montagne Noire (15) - Eros Walker Stories\" \/>\n<meta property=\"og:description\" content=\"Jeudi 2 octobre L\u2019adjudante Dumaine n\u2019avait pas pour habitude de perdre du temps \u00e0 l\u2019heure du repas. Elle pr\u00e9f\u00e9rait concentrer ses heures de travail pour avoir un peu plus de temps \u00e0 consacrer \u00e0 ses loisirs en fin de journ\u00e9e, en particulier de longues courses &hellip;\" \/>\n<meta property=\"og:url\" content=\"https:\/\/ellington-photo.com\/ErosWalker\/linconnu-de-la-montagne-noire-15\/\" \/>\n<meta property=\"og:site_name\" content=\"Eros Walker Stories\" \/>\n<meta property=\"article:modified_time\" content=\"2026-02-16T11:10:53+00:00\" \/>\n<meta property=\"og:image\" content=\"https:\/\/ellington-photo.com\/ErosWalker\/wp-content\/uploads\/2026\/02\/Chapitre-15-Dans-la-valise-de-Kaiser.jpg\" \/>\n\t<meta property=\"og:image:width\" content=\"1024\" \/>\n\t<meta property=\"og:image:height\" content=\"768\" \/>\n\t<meta property=\"og:image:type\" content=\"image\/jpeg\" \/>\n<meta name=\"twitter:card\" content=\"summary_large_image\" \/>\n<meta name=\"twitter:label1\" content=\"Dur\u00e9e de lecture estim\u00e9e\" \/>\n\t<meta name=\"twitter:data1\" content=\"5 minutes\" \/>\n<script type=\"application\/ld+json\" class=\"yoast-schema-graph\">{\"@context\":\"https:\\\/\\\/schema.org\",\"@graph\":[{\"@type\":\"WebPage\",\"@id\":\"https:\\\/\\\/ellington-photo.com\\\/ErosWalker\\\/linconnu-de-la-montagne-noire-15\\\/\",\"url\":\"https:\\\/\\\/ellington-photo.com\\\/ErosWalker\\\/linconnu-de-la-montagne-noire-15\\\/\",\"name\":\"L'inconnu de la Montagne Noire (15) - Eros Walker Stories\",\"isPartOf\":{\"@id\":\"https:\\\/\\\/ellington-photo.com\\\/ErosWalker\\\/#website\"},\"primaryImageOfPage\":{\"@id\":\"https:\\\/\\\/ellington-photo.com\\\/ErosWalker\\\/linconnu-de-la-montagne-noire-15\\\/#primaryimage\"},\"image\":{\"@id\":\"https:\\\/\\\/ellington-photo.com\\\/ErosWalker\\\/linconnu-de-la-montagne-noire-15\\\/#primaryimage\"},\"thumbnailUrl\":\"https:\\\/\\\/ellington-photo.com\\\/ErosWalker\\\/wp-content\\\/uploads\\\/2026\\\/02\\\/Chapitre-15-Dans-la-valise-de-Kaiser.jpg\",\"datePublished\":\"2026-02-16T11:03:41+00:00\",\"dateModified\":\"2026-02-16T11:10:53+00:00\",\"breadcrumb\":{\"@id\":\"https:\\\/\\\/ellington-photo.com\\\/ErosWalker\\\/linconnu-de-la-montagne-noire-15\\\/#breadcrumb\"},\"inLanguage\":\"fr-FR\",\"potentialAction\":[{\"@type\":\"ReadAction\",\"target\":[\"https:\\\/\\\/ellington-photo.com\\\/ErosWalker\\\/linconnu-de-la-montagne-noire-15\\\/\"]}]},{\"@type\":\"ImageObject\",\"inLanguage\":\"fr-FR\",\"@id\":\"https:\\\/\\\/ellington-photo.com\\\/ErosWalker\\\/linconnu-de-la-montagne-noire-15\\\/#primaryimage\",\"url\":\"https:\\\/\\\/ellington-photo.com\\\/ErosWalker\\\/wp-content\\\/uploads\\\/2026\\\/02\\\/Chapitre-15-Dans-la-valise-de-Kaiser.jpg\",\"contentUrl\":\"https:\\\/\\\/ellington-photo.com\\\/ErosWalker\\\/wp-content\\\/uploads\\\/2026\\\/02\\\/Chapitre-15-Dans-la-valise-de-Kaiser.jpg\",\"width\":1024,\"height\":768,\"caption\":\"Dans la valise de Kaiser\"},{\"@type\":\"BreadcrumbList\",\"@id\":\"https:\\\/\\\/ellington-photo.com\\\/ErosWalker\\\/linconnu-de-la-montagne-noire-15\\\/#breadcrumb\",\"itemListElement\":[{\"@type\":\"ListItem\",\"position\":1,\"name\":\"Accueil\",\"item\":\"https:\\\/\\\/ellington-photo.com\\\/ErosWalker\\\/\"},{\"@type\":\"ListItem\",\"position\":2,\"name\":\"L&rsquo;inconnu de la Montagne Noire (15)\"}]},{\"@type\":\"WebSite\",\"@id\":\"https:\\\/\\\/ellington-photo.com\\\/ErosWalker\\\/#website\",\"url\":\"https:\\\/\\\/ellington-photo.com\\\/ErosWalker\\\/\",\"name\":\"Eros Walker Stories\",\"description\":\"Litt\u00e9rature et images\",\"publisher\":{\"@id\":\"https:\\\/\\\/ellington-photo.com\\\/ErosWalker\\\/#organization\"},\"potentialAction\":[{\"@type\":\"SearchAction\",\"target\":{\"@type\":\"EntryPoint\",\"urlTemplate\":\"https:\\\/\\\/ellington-photo.com\\\/ErosWalker\\\/?s={search_term_string}\"},\"query-input\":{\"@type\":\"PropertyValueSpecification\",\"valueRequired\":true,\"valueName\":\"search_term_string\"}}],\"inLanguage\":\"fr-FR\"},{\"@type\":\"Organization\",\"@id\":\"https:\\\/\\\/ellington-photo.com\\\/ErosWalker\\\/#organization\",\"name\":\"Eros Walker Stories\",\"url\":\"https:\\\/\\\/ellington-photo.com\\\/ErosWalker\\\/\",\"logo\":{\"@type\":\"ImageObject\",\"inLanguage\":\"fr-FR\",\"@id\":\"https:\\\/\\\/ellington-photo.com\\\/ErosWalker\\\/#\\\/schema\\\/logo\\\/image\\\/\",\"url\":\"https:\\\/\\\/ellington-photo.com\\\/ErosWalker\\\/wp-content\\\/uploads\\\/2025\\\/05\\\/Chat-Noir.jpg\",\"contentUrl\":\"https:\\\/\\\/ellington-photo.com\\\/ErosWalker\\\/wp-content\\\/uploads\\\/2025\\\/05\\\/Chat-Noir.jpg\",\"width\":400,\"height\":391,\"caption\":\"Eros Walker Stories\"},\"image\":{\"@id\":\"https:\\\/\\\/ellington-photo.com\\\/ErosWalker\\\/#\\\/schema\\\/logo\\\/image\\\/\"},\"sameAs\":[\"https:\\\/\\\/www.linkedin.com\\\/in\\\/eros-walker-ab710a298\\\/\"]}]}<\/script>\n<!-- \/ Yoast SEO plugin. -->","yoast_head_json":{"title":"L'inconnu de la Montagne Noire (15) - Eros Walker Stories","robots":{"index":"index","follow":"follow","max-snippet":"max-snippet:-1","max-image-preview":"max-image-preview:large","max-video-preview":"max-video-preview:-1"},"canonical":"https:\/\/ellington-photo.com\/ErosWalker\/linconnu-de-la-montagne-noire-15\/","og_locale":"fr_FR","og_type":"article","og_title":"L'inconnu de la Montagne Noire (15) - Eros Walker Stories","og_description":"Jeudi 2 octobre L\u2019adjudante Dumaine n\u2019avait pas pour habitude de perdre du temps \u00e0 l\u2019heure du repas. Elle pr\u00e9f\u00e9rait concentrer ses heures de travail pour avoir un peu plus de temps \u00e0 consacrer \u00e0 ses loisirs en fin de journ\u00e9e, en particulier de longues courses &hellip;","og_url":"https:\/\/ellington-photo.com\/ErosWalker\/linconnu-de-la-montagne-noire-15\/","og_site_name":"Eros Walker Stories","article_modified_time":"2026-02-16T11:10:53+00:00","og_image":[{"width":1024,"height":768,"url":"https:\/\/ellington-photo.com\/ErosWalker\/wp-content\/uploads\/2026\/02\/Chapitre-15-Dans-la-valise-de-Kaiser.jpg","type":"image\/jpeg"}],"twitter_card":"summary_large_image","twitter_misc":{"Dur\u00e9e de lecture estim\u00e9e":"5 minutes"},"schema":{"@context":"https:\/\/schema.org","@graph":[{"@type":"WebPage","@id":"https:\/\/ellington-photo.com\/ErosWalker\/linconnu-de-la-montagne-noire-15\/","url":"https:\/\/ellington-photo.com\/ErosWalker\/linconnu-de-la-montagne-noire-15\/","name":"L'inconnu de la Montagne Noire (15) - Eros Walker Stories","isPartOf":{"@id":"https:\/\/ellington-photo.com\/ErosWalker\/#website"},"primaryImageOfPage":{"@id":"https:\/\/ellington-photo.com\/ErosWalker\/linconnu-de-la-montagne-noire-15\/#primaryimage"},"image":{"@id":"https:\/\/ellington-photo.com\/ErosWalker\/linconnu-de-la-montagne-noire-15\/#primaryimage"},"thumbnailUrl":"https:\/\/ellington-photo.com\/ErosWalker\/wp-content\/uploads\/2026\/02\/Chapitre-15-Dans-la-valise-de-Kaiser.jpg","datePublished":"2026-02-16T11:03:41+00:00","dateModified":"2026-02-16T11:10:53+00:00","breadcrumb":{"@id":"https:\/\/ellington-photo.com\/ErosWalker\/linconnu-de-la-montagne-noire-15\/#breadcrumb"},"inLanguage":"fr-FR","potentialAction":[{"@type":"ReadAction","target":["https:\/\/ellington-photo.com\/ErosWalker\/linconnu-de-la-montagne-noire-15\/"]}]},{"@type":"ImageObject","inLanguage":"fr-FR","@id":"https:\/\/ellington-photo.com\/ErosWalker\/linconnu-de-la-montagne-noire-15\/#primaryimage","url":"https:\/\/ellington-photo.com\/ErosWalker\/wp-content\/uploads\/2026\/02\/Chapitre-15-Dans-la-valise-de-Kaiser.jpg","contentUrl":"https:\/\/ellington-photo.com\/ErosWalker\/wp-content\/uploads\/2026\/02\/Chapitre-15-Dans-la-valise-de-Kaiser.jpg","width":1024,"height":768,"caption":"Dans la valise de Kaiser"},{"@type":"BreadcrumbList","@id":"https:\/\/ellington-photo.com\/ErosWalker\/linconnu-de-la-montagne-noire-15\/#breadcrumb","itemListElement":[{"@type":"ListItem","position":1,"name":"Accueil","item":"https:\/\/ellington-photo.com\/ErosWalker\/"},{"@type":"ListItem","position":2,"name":"L&rsquo;inconnu de la Montagne Noire (15)"}]},{"@type":"WebSite","@id":"https:\/\/ellington-photo.com\/ErosWalker\/#website","url":"https:\/\/ellington-photo.com\/ErosWalker\/","name":"Eros Walker Stories","description":"Litt\u00e9rature et images","publisher":{"@id":"https:\/\/ellington-photo.com\/ErosWalker\/#organization"},"potentialAction":[{"@type":"SearchAction","target":{"@type":"EntryPoint","urlTemplate":"https:\/\/ellington-photo.com\/ErosWalker\/?s={search_term_string}"},"query-input":{"@type":"PropertyValueSpecification","valueRequired":true,"valueName":"search_term_string"}}],"inLanguage":"fr-FR"},{"@type":"Organization","@id":"https:\/\/ellington-photo.com\/ErosWalker\/#organization","name":"Eros Walker Stories","url":"https:\/\/ellington-photo.com\/ErosWalker\/","logo":{"@type":"ImageObject","inLanguage":"fr-FR","@id":"https:\/\/ellington-photo.com\/ErosWalker\/#\/schema\/logo\/image\/","url":"https:\/\/ellington-photo.com\/ErosWalker\/wp-content\/uploads\/2025\/05\/Chat-Noir.jpg","contentUrl":"https:\/\/ellington-photo.com\/ErosWalker\/wp-content\/uploads\/2025\/05\/Chat-Noir.jpg","width":400,"height":391,"caption":"Eros Walker Stories"},"image":{"@id":"https:\/\/ellington-photo.com\/ErosWalker\/#\/schema\/logo\/image\/"},"sameAs":["https:\/\/www.linkedin.com\/in\/eros-walker-ab710a298\/"]}]}},"_links":{"self":[{"href":"https:\/\/ellington-photo.com\/ErosWalker\/wp-json\/wp\/v2\/pages\/615","targetHints":{"allow":["GET"]}}],"collection":[{"href":"https:\/\/ellington-photo.com\/ErosWalker\/wp-json\/wp\/v2\/pages"}],"about":[{"href":"https:\/\/ellington-photo.com\/ErosWalker\/wp-json\/wp\/v2\/types\/page"}],"author":[{"embeddable":true,"href":"https:\/\/ellington-photo.com\/ErosWalker\/wp-json\/wp\/v2\/users\/1"}],"replies":[{"embeddable":true,"href":"https:\/\/ellington-photo.com\/ErosWalker\/wp-json\/wp\/v2\/comments?post=615"}],"version-history":[{"count":2,"href":"https:\/\/ellington-photo.com\/ErosWalker\/wp-json\/wp\/v2\/pages\/615\/revisions"}],"predecessor-version":[{"id":625,"href":"https:\/\/ellington-photo.com\/ErosWalker\/wp-json\/wp\/v2\/pages\/615\/revisions\/625"}],"wp:featuredmedia":[{"embeddable":true,"href":"https:\/\/ellington-photo.com\/ErosWalker\/wp-json\/wp\/v2\/media\/618"}],"wp:attachment":[{"href":"https:\/\/ellington-photo.com\/ErosWalker\/wp-json\/wp\/v2\/media?parent=615"}],"curies":[{"name":"wp","href":"https:\/\/api.w.org\/{rel}","templated":true}]}}