{"id":604,"date":"2026-02-14T10:42:39","date_gmt":"2026-02-14T09:42:39","guid":{"rendered":"https:\/\/ellington-photo.com\/ErosWalker\/?page_id=604"},"modified":"2026-02-14T10:49:36","modified_gmt":"2026-02-14T09:49:36","slug":"linconnu-de-la-montagne-noire-11","status":"publish","type":"page","link":"https:\/\/ellington-photo.com\/ErosWalker\/linconnu-de-la-montagne-noire-11\/","title":{"rendered":"L&rsquo;inconnu de la Montagne Noire (11)"},"content":{"rendered":"\n<p>Mercredi 1<sup>er<\/sup> octobre<\/p>\n\n\n\n<p>La r\u00e9ponse ne s\u2019\u00e9tait pas faite attendre. Le message attendait l\u2019adjudante \u00e0 son arriv\u00e9e \u00e0 la Section. Les services consulaires allemands confirmaient l\u2019identit\u00e9 de Rudolf Kaiser et son domicile \u00e0 Podsdam. Une fiche d\u2019identit\u00e9 d\u00e9taill\u00e9e \u00e9tait jointe, comprenant le relev\u00e9 d\u2019empreintes digitales. La rubrique <em>profession<\/em> mentionnait journaliste ind\u00e9pendant. Elle s\u2019empressa de comparer les images papillaires au relev\u00e9 fait par le l\u00e9giste. Sans \u00eatre sp\u00e9cialiste, la concordance semblait acquise, mais elle pr\u00e9f\u00e9ra avoir une confirmation imm\u00e9diate en allant soumettre les \u00e9chantillons \u00e0 ses coll\u00e8gues techniciens.<\/p>\n\n\n\n<p>\u2014 Il n\u2019y a aucun doute, confirma le TIJ apr\u00e8s avoir scann\u00e9 l\u2019image. Ces deux relev\u00e9s correspondent parfaitement.<\/p>\n\n\n\n<p>\u2014 Au moins, nous savons \u00e0 qui nous avons affaire.<\/p>\n\n\n\n<p>De retour dans son bureau, Clarisse lan\u00e7a une recherche sur le web. Sur son \u00e9cran, une pleine page de r\u00e9ponses s\u2019afficha. Rudolf Kaiser devait \u00eatre un nom fr\u00e9quent en Allemagne. Elle affina la recherche en ajoutant le mot journaliste. La liste \u00e9tait encore longue, mais semblait plus pertinente. Apr\u00e8s avoir explor\u00e9 quelques liens, elle arriva sur une page qui lui parut int\u00e9ressante. Elle utilisa l\u2019option de traduction automatique pour se faire une meilleure id\u00e9e. Le site contenait une biographie succincte de l\u2019auteur qui se pr\u00e9sentait comme journaliste historien, sp\u00e9cialis\u00e9 dans les \u00e9v\u00e9nements m\u00e9connus de la seconde guerre mondiale. Une petite photo confirmait l\u2019identit\u00e9 de l\u2019auteur et du cadavre de la Montagne Noire. L\u2019adjudante parcourut le sommaire. La plupart des sujets faisaient \u00e9tat d\u2019exactions commises par l\u2019arm\u00e9e allemande, des unit\u00e9s SS en particulier. Clarisse reconnut quelques noms qui \u00e9voquaient quelque chose pour elle, comme Oradour ou Varsovie, ainsi que d\u2019autres qui ne lui disaient rien, Frankolovo par exemple. Une mention particuli\u00e8re \u00e9tait faite aux Einsatzgruppen en Ukraine et en Bi\u00e9lorussie.<\/p>\n\n\n\n<p>Les articles avaient en commun de citer les noms des officiers qui avaient dirig\u00e9 ces op\u00e9rations et de rechercher ce qu\u2019ils \u00e9taient devenus apr\u00e8s 1945. Il n\u2019y avait pas d\u2019entr\u00e9e pouvant avoir un lien avec l\u2019endroit o\u00f9 le corps avait \u00e9t\u00e9 retrouv\u00e9, ni d\u2019\u00e9vocation de l\u2019histoire de la r\u00e9gion. Clarisse se dit que s\u2019il \u00e9tait en train de travailler sur le sujet, il n\u2019\u00e9tait pas \u00e9tonnant que rien ne soit encore publi\u00e9. Elle enregistra le lien cers la page et effectua quelques impressions \u00e0 l\u2019intention du major. En s\u2019appuyant sur cette premi\u00e8re d\u00e9couverte, elle arriva sur d\u2019autres articles, sign\u00e9s par Kaiser ou le mentionnant comme contributeur. Elle trouva \u00e9galement la r\u00e9f\u00e9rence d\u2019un ouvrage publi\u00e9 en Allemagne sur ce m\u00eame sujet.<\/p>\n\n\n\n<p>L\u2019adjudante prit un peu de recul pour r\u00e9fl\u00e9chir \u00e0 ce qu\u2019elle venait de lire. Elle avait grandi en r\u00e9gion parisienne, fille de fonctionnaires ultramarins, apr\u00e8s avoir commenc\u00e9 sa carri\u00e8re dans la Gendarmerie dans les Hauts de France, d\u00e9sesp\u00e9rant d\u2019obtenir une affectation dans son ile d\u2019origine, elle avait accept\u00e9 le poste d\u2019adjoint au chef de la Section de Recherche \u00e0 Toulouse. Elle avait rejoint sa nouvelle affectation deux ans plus t\u00f4t, mais n\u2019avait jamais eu l\u2019opportunit\u00e9 de d\u00e9couvrir l\u2019histoire de la r\u00e9gion. Les lieux cit\u00e9s dans le rapport pr\u00e9liminaire ne lui disaient rien et elle ne voyait pas ce qui aurait pu attirer un journaliste allemand, sp\u00e9cialiste de l\u2019histoire des SS, jusqu\u2019\u00e0 le faire tuer dans la montagne. Il lui fallait de l\u2019aide pour mieux comprendre qui \u00e9tait vraiment Rudolf Kaiser et ce qui avait pu motiver sa venue, si ce n\u2019\u00e9tait le tourisme, mais alors pourquoi aurait-il r\u00e9serv\u00e9 son h\u00f4tel sous un nom d\u2019emprunt.<\/p>\n\n\n\n<p>Clarisse avait eu l\u2019occasion de participer \u00e0 des formations dans le cadre des relations entre forces de police europ\u00e9ennes. Elle avait fait la connaissance d\u2019un officier de la Bundeskriminalamt, bas\u00e9 \u00e0 Berlin. Il ne lui fallut pas longtemps pour retrouver ses coordonn\u00e9es et lui envoyer un courriel. En attendant sa r\u00e9ponse, il lui fallait se pr\u00e9occuper de la Golf de location.<\/p>\n\n\n\n<p>\u2014 Salut L\u00e9o, tu as du nouveau sur la voiture de notre individu&nbsp;?<\/p>\n\n\n\n<p>\u2014 Oui, j\u2019allais justement t\u2019en parler. On l\u2019a retrouv\u00e9e \u00e0 Mazamet.<\/p>\n\n\n\n<p>\u2014 Super, tu veux qu\u2019on en parle \u00e0 la cantine&nbsp;? On va manger un morceau avant d\u2019aller voir sur place.<\/p>\n\n\n\n<p>Les deux gendarmes se retrouv\u00e8rent avec leur plateau et s\u2019install\u00e8rent \u00e0 une table un peu isol\u00e9e.<\/p>\n\n\n\n<p>\u2014 C\u2019est la police municipale qui est intervenue le samedi 27, t\u00f4t le matin. C\u2019est jour de march\u00e9 et le stationnement est interdit ce jour l\u00e0. Quand les premiers commer\u00e7ants sont venus pour s\u2019installer, la Golf \u00e9tait rest\u00e9e seule sur la place de la Mairie. Elle a \u00e9t\u00e9 enlev\u00e9e, mais Mazamet n\u2019a pas de fourri\u00e8re municipale. La voiture a \u00e9t\u00e9 amen\u00e9e \u00e0 Castres. J\u2019ai t\u00e9l\u00e9phon\u00e9, elle y est toujours.<\/p>\n\n\n\n<p>\u2014 Ce n\u2019est pas \u00e9tonnant, son locataire ne risquait pas de s\u2019en inqui\u00e9ter, plaisanta Clarisse. J\u2019esp\u00e8re que nous y trouverons quelques indices pour comprendre ce que cet Allemand faisait ici.<\/p>\n\n\n\n<p><\/p>\n\n\n\n<p><a href=\"https:\/\/ellington-photo.com\/ErosWalker\/linconnu-de-la-montagne-noire-12\/\" type=\"link\" id=\"https:\/\/ellington-photo.com\/ErosWalker\/linconnu-de-la-montagne-noire-12\/\">Lire la suite<\/a><\/p>\n","protected":false},"excerpt":{"rendered":"<p>Mercredi 1er octobre La r\u00e9ponse ne s\u2019\u00e9tait pas faite attendre. Le message attendait l\u2019adjudante \u00e0 son arriv\u00e9e \u00e0 la Section. Les services consulaires allemands confirmaient l\u2019identit\u00e9 de Rudolf Kaiser et son domicile \u00e0 Podsdam. Une fiche d\u2019identit\u00e9 d\u00e9taill\u00e9e \u00e9tait jointe, comprenant le relev\u00e9 d\u2019empreintes digitales. &hellip; <\/p>\n","protected":false},"author":1,"featured_media":590,"parent":0,"menu_order":0,"comment_status":"closed","ping_status":"closed","template":"","meta":{"footnotes":""},"class_list":["post-604","page","type-page","status-publish","has-post-thumbnail","hentry"],"yoast_head":"<!-- This site is optimized with the Yoast SEO plugin v27.5 - https:\/\/yoast.com\/product\/yoast-seo-wordpress\/ -->\n<title>L&#039;inconnu de la Montagne Noire (11) - Eros Walker Stories<\/title>\n<meta name=\"robots\" content=\"index, follow, max-snippet:-1, max-image-preview:large, max-video-preview:-1\" \/>\n<link rel=\"canonical\" href=\"https:\/\/ellington-photo.com\/ErosWalker\/linconnu-de-la-montagne-noire-11\/\" \/>\n<meta property=\"og:locale\" content=\"fr_FR\" \/>\n<meta property=\"og:type\" content=\"article\" \/>\n<meta property=\"og:title\" content=\"L&#039;inconnu de la Montagne Noire (11) - Eros Walker Stories\" \/>\n<meta property=\"og:description\" content=\"Mercredi 1er octobre La r\u00e9ponse ne s\u2019\u00e9tait pas faite attendre. Le message attendait l\u2019adjudante \u00e0 son arriv\u00e9e \u00e0 la Section. Les services consulaires allemands confirmaient l\u2019identit\u00e9 de Rudolf Kaiser et son domicile \u00e0 Podsdam. Une fiche d\u2019identit\u00e9 d\u00e9taill\u00e9e \u00e9tait jointe, comprenant le relev\u00e9 d\u2019empreintes digitales. &hellip;\" \/>\n<meta property=\"og:url\" content=\"https:\/\/ellington-photo.com\/ErosWalker\/linconnu-de-la-montagne-noire-11\/\" \/>\n<meta property=\"og:site_name\" content=\"Eros Walker Stories\" \/>\n<meta property=\"article:modified_time\" content=\"2026-02-14T09:49:36+00:00\" \/>\n<meta property=\"og:image\" content=\"https:\/\/ellington-photo.com\/ErosWalker\/wp-content\/uploads\/2026\/02\/Chapitre-11-La-golf-bleue.jpg\" \/>\n\t<meta property=\"og:image:width\" content=\"1024\" \/>\n\t<meta property=\"og:image:height\" content=\"768\" \/>\n\t<meta property=\"og:image:type\" content=\"image\/jpeg\" \/>\n<meta name=\"twitter:card\" content=\"summary_large_image\" \/>\n<meta name=\"twitter:label1\" content=\"Dur\u00e9e de lecture estim\u00e9e\" \/>\n\t<meta name=\"twitter:data1\" content=\"5 minutes\" \/>\n<script type=\"application\/ld+json\" class=\"yoast-schema-graph\">{\"@context\":\"https:\\\/\\\/schema.org\",\"@graph\":[{\"@type\":\"WebPage\",\"@id\":\"https:\\\/\\\/ellington-photo.com\\\/ErosWalker\\\/linconnu-de-la-montagne-noire-11\\\/\",\"url\":\"https:\\\/\\\/ellington-photo.com\\\/ErosWalker\\\/linconnu-de-la-montagne-noire-11\\\/\",\"name\":\"L'inconnu de la Montagne Noire (11) - Eros Walker Stories\",\"isPartOf\":{\"@id\":\"https:\\\/\\\/ellington-photo.com\\\/ErosWalker\\\/#website\"},\"primaryImageOfPage\":{\"@id\":\"https:\\\/\\\/ellington-photo.com\\\/ErosWalker\\\/linconnu-de-la-montagne-noire-11\\\/#primaryimage\"},\"image\":{\"@id\":\"https:\\\/\\\/ellington-photo.com\\\/ErosWalker\\\/linconnu-de-la-montagne-noire-11\\\/#primaryimage\"},\"thumbnailUrl\":\"https:\\\/\\\/ellington-photo.com\\\/ErosWalker\\\/wp-content\\\/uploads\\\/2026\\\/02\\\/Chapitre-11-La-golf-bleue.jpg\",\"datePublished\":\"2026-02-14T09:42:39+00:00\",\"dateModified\":\"2026-02-14T09:49:36+00:00\",\"breadcrumb\":{\"@id\":\"https:\\\/\\\/ellington-photo.com\\\/ErosWalker\\\/linconnu-de-la-montagne-noire-11\\\/#breadcrumb\"},\"inLanguage\":\"fr-FR\",\"potentialAction\":[{\"@type\":\"ReadAction\",\"target\":[\"https:\\\/\\\/ellington-photo.com\\\/ErosWalker\\\/linconnu-de-la-montagne-noire-11\\\/\"]}]},{\"@type\":\"ImageObject\",\"inLanguage\":\"fr-FR\",\"@id\":\"https:\\\/\\\/ellington-photo.com\\\/ErosWalker\\\/linconnu-de-la-montagne-noire-11\\\/#primaryimage\",\"url\":\"https:\\\/\\\/ellington-photo.com\\\/ErosWalker\\\/wp-content\\\/uploads\\\/2026\\\/02\\\/Chapitre-11-La-golf-bleue.jpg\",\"contentUrl\":\"https:\\\/\\\/ellington-photo.com\\\/ErosWalker\\\/wp-content\\\/uploads\\\/2026\\\/02\\\/Chapitre-11-La-golf-bleue.jpg\",\"width\":1024,\"height\":768},{\"@type\":\"BreadcrumbList\",\"@id\":\"https:\\\/\\\/ellington-photo.com\\\/ErosWalker\\\/linconnu-de-la-montagne-noire-11\\\/#breadcrumb\",\"itemListElement\":[{\"@type\":\"ListItem\",\"position\":1,\"name\":\"Accueil\",\"item\":\"https:\\\/\\\/ellington-photo.com\\\/ErosWalker\\\/\"},{\"@type\":\"ListItem\",\"position\":2,\"name\":\"L&rsquo;inconnu de la Montagne Noire (11)\"}]},{\"@type\":\"WebSite\",\"@id\":\"https:\\\/\\\/ellington-photo.com\\\/ErosWalker\\\/#website\",\"url\":\"https:\\\/\\\/ellington-photo.com\\\/ErosWalker\\\/\",\"name\":\"Eros Walker Stories\",\"description\":\"Litt\u00e9rature et images\",\"publisher\":{\"@id\":\"https:\\\/\\\/ellington-photo.com\\\/ErosWalker\\\/#organization\"},\"potentialAction\":[{\"@type\":\"SearchAction\",\"target\":{\"@type\":\"EntryPoint\",\"urlTemplate\":\"https:\\\/\\\/ellington-photo.com\\\/ErosWalker\\\/?s={search_term_string}\"},\"query-input\":{\"@type\":\"PropertyValueSpecification\",\"valueRequired\":true,\"valueName\":\"search_term_string\"}}],\"inLanguage\":\"fr-FR\"},{\"@type\":\"Organization\",\"@id\":\"https:\\\/\\\/ellington-photo.com\\\/ErosWalker\\\/#organization\",\"name\":\"Eros Walker Stories\",\"url\":\"https:\\\/\\\/ellington-photo.com\\\/ErosWalker\\\/\",\"logo\":{\"@type\":\"ImageObject\",\"inLanguage\":\"fr-FR\",\"@id\":\"https:\\\/\\\/ellington-photo.com\\\/ErosWalker\\\/#\\\/schema\\\/logo\\\/image\\\/\",\"url\":\"https:\\\/\\\/ellington-photo.com\\\/ErosWalker\\\/wp-content\\\/uploads\\\/2025\\\/05\\\/Chat-Noir.jpg\",\"contentUrl\":\"https:\\\/\\\/ellington-photo.com\\\/ErosWalker\\\/wp-content\\\/uploads\\\/2025\\\/05\\\/Chat-Noir.jpg\",\"width\":400,\"height\":391,\"caption\":\"Eros Walker Stories\"},\"image\":{\"@id\":\"https:\\\/\\\/ellington-photo.com\\\/ErosWalker\\\/#\\\/schema\\\/logo\\\/image\\\/\"},\"sameAs\":[\"https:\\\/\\\/www.linkedin.com\\\/in\\\/eros-walker-ab710a298\\\/\"]}]}<\/script>\n<!-- \/ Yoast SEO plugin. -->","yoast_head_json":{"title":"L'inconnu de la Montagne Noire (11) - Eros Walker Stories","robots":{"index":"index","follow":"follow","max-snippet":"max-snippet:-1","max-image-preview":"max-image-preview:large","max-video-preview":"max-video-preview:-1"},"canonical":"https:\/\/ellington-photo.com\/ErosWalker\/linconnu-de-la-montagne-noire-11\/","og_locale":"fr_FR","og_type":"article","og_title":"L'inconnu de la Montagne Noire (11) - Eros Walker Stories","og_description":"Mercredi 1er octobre La r\u00e9ponse ne s\u2019\u00e9tait pas faite attendre. Le message attendait l\u2019adjudante \u00e0 son arriv\u00e9e \u00e0 la Section. Les services consulaires allemands confirmaient l\u2019identit\u00e9 de Rudolf Kaiser et son domicile \u00e0 Podsdam. Une fiche d\u2019identit\u00e9 d\u00e9taill\u00e9e \u00e9tait jointe, comprenant le relev\u00e9 d\u2019empreintes digitales. &hellip;","og_url":"https:\/\/ellington-photo.com\/ErosWalker\/linconnu-de-la-montagne-noire-11\/","og_site_name":"Eros Walker Stories","article_modified_time":"2026-02-14T09:49:36+00:00","og_image":[{"width":1024,"height":768,"url":"https:\/\/ellington-photo.com\/ErosWalker\/wp-content\/uploads\/2026\/02\/Chapitre-11-La-golf-bleue.jpg","type":"image\/jpeg"}],"twitter_card":"summary_large_image","twitter_misc":{"Dur\u00e9e de lecture estim\u00e9e":"5 minutes"},"schema":{"@context":"https:\/\/schema.org","@graph":[{"@type":"WebPage","@id":"https:\/\/ellington-photo.com\/ErosWalker\/linconnu-de-la-montagne-noire-11\/","url":"https:\/\/ellington-photo.com\/ErosWalker\/linconnu-de-la-montagne-noire-11\/","name":"L'inconnu de la Montagne Noire (11) - Eros Walker Stories","isPartOf":{"@id":"https:\/\/ellington-photo.com\/ErosWalker\/#website"},"primaryImageOfPage":{"@id":"https:\/\/ellington-photo.com\/ErosWalker\/linconnu-de-la-montagne-noire-11\/#primaryimage"},"image":{"@id":"https:\/\/ellington-photo.com\/ErosWalker\/linconnu-de-la-montagne-noire-11\/#primaryimage"},"thumbnailUrl":"https:\/\/ellington-photo.com\/ErosWalker\/wp-content\/uploads\/2026\/02\/Chapitre-11-La-golf-bleue.jpg","datePublished":"2026-02-14T09:42:39+00:00","dateModified":"2026-02-14T09:49:36+00:00","breadcrumb":{"@id":"https:\/\/ellington-photo.com\/ErosWalker\/linconnu-de-la-montagne-noire-11\/#breadcrumb"},"inLanguage":"fr-FR","potentialAction":[{"@type":"ReadAction","target":["https:\/\/ellington-photo.com\/ErosWalker\/linconnu-de-la-montagne-noire-11\/"]}]},{"@type":"ImageObject","inLanguage":"fr-FR","@id":"https:\/\/ellington-photo.com\/ErosWalker\/linconnu-de-la-montagne-noire-11\/#primaryimage","url":"https:\/\/ellington-photo.com\/ErosWalker\/wp-content\/uploads\/2026\/02\/Chapitre-11-La-golf-bleue.jpg","contentUrl":"https:\/\/ellington-photo.com\/ErosWalker\/wp-content\/uploads\/2026\/02\/Chapitre-11-La-golf-bleue.jpg","width":1024,"height":768},{"@type":"BreadcrumbList","@id":"https:\/\/ellington-photo.com\/ErosWalker\/linconnu-de-la-montagne-noire-11\/#breadcrumb","itemListElement":[{"@type":"ListItem","position":1,"name":"Accueil","item":"https:\/\/ellington-photo.com\/ErosWalker\/"},{"@type":"ListItem","position":2,"name":"L&rsquo;inconnu de la Montagne Noire (11)"}]},{"@type":"WebSite","@id":"https:\/\/ellington-photo.com\/ErosWalker\/#website","url":"https:\/\/ellington-photo.com\/ErosWalker\/","name":"Eros Walker Stories","description":"Litt\u00e9rature et images","publisher":{"@id":"https:\/\/ellington-photo.com\/ErosWalker\/#organization"},"potentialAction":[{"@type":"SearchAction","target":{"@type":"EntryPoint","urlTemplate":"https:\/\/ellington-photo.com\/ErosWalker\/?s={search_term_string}"},"query-input":{"@type":"PropertyValueSpecification","valueRequired":true,"valueName":"search_term_string"}}],"inLanguage":"fr-FR"},{"@type":"Organization","@id":"https:\/\/ellington-photo.com\/ErosWalker\/#organization","name":"Eros Walker Stories","url":"https:\/\/ellington-photo.com\/ErosWalker\/","logo":{"@type":"ImageObject","inLanguage":"fr-FR","@id":"https:\/\/ellington-photo.com\/ErosWalker\/#\/schema\/logo\/image\/","url":"https:\/\/ellington-photo.com\/ErosWalker\/wp-content\/uploads\/2025\/05\/Chat-Noir.jpg","contentUrl":"https:\/\/ellington-photo.com\/ErosWalker\/wp-content\/uploads\/2025\/05\/Chat-Noir.jpg","width":400,"height":391,"caption":"Eros Walker Stories"},"image":{"@id":"https:\/\/ellington-photo.com\/ErosWalker\/#\/schema\/logo\/image\/"},"sameAs":["https:\/\/www.linkedin.com\/in\/eros-walker-ab710a298\/"]}]}},"_links":{"self":[{"href":"https:\/\/ellington-photo.com\/ErosWalker\/wp-json\/wp\/v2\/pages\/604","targetHints":{"allow":["GET"]}}],"collection":[{"href":"https:\/\/ellington-photo.com\/ErosWalker\/wp-json\/wp\/v2\/pages"}],"about":[{"href":"https:\/\/ellington-photo.com\/ErosWalker\/wp-json\/wp\/v2\/types\/page"}],"author":[{"embeddable":true,"href":"https:\/\/ellington-photo.com\/ErosWalker\/wp-json\/wp\/v2\/users\/1"}],"replies":[{"embeddable":true,"href":"https:\/\/ellington-photo.com\/ErosWalker\/wp-json\/wp\/v2\/comments?post=604"}],"version-history":[{"count":1,"href":"https:\/\/ellington-photo.com\/ErosWalker\/wp-json\/wp\/v2\/pages\/604\/revisions"}],"predecessor-version":[{"id":609,"href":"https:\/\/ellington-photo.com\/ErosWalker\/wp-json\/wp\/v2\/pages\/604\/revisions\/609"}],"wp:featuredmedia":[{"embeddable":true,"href":"https:\/\/ellington-photo.com\/ErosWalker\/wp-json\/wp\/v2\/media\/590"}],"wp:attachment":[{"href":"https:\/\/ellington-photo.com\/ErosWalker\/wp-json\/wp\/v2\/media?parent=604"}],"curies":[{"name":"wp","href":"https:\/\/api.w.org\/{rel}","templated":true}]}}