{"id":576,"date":"2026-02-04T11:24:39","date_gmt":"2026-02-04T10:24:39","guid":{"rendered":"https:\/\/ellington-photo.com\/ErosWalker\/?page_id=576"},"modified":"2026-02-06T14:15:09","modified_gmt":"2026-02-06T13:15:09","slug":"linconnu-de-la-montagne-noire-9","status":"publish","type":"page","link":"https:\/\/ellington-photo.com\/ErosWalker\/linconnu-de-la-montagne-noire-9\/","title":{"rendered":"L&rsquo;inconnu de la Montagne Noire (9)"},"content":{"rendered":"\n<p>Mardi 30 septembre<\/p>\n\n\n\n<p>Laurent Cazenave pr\u00e9leva l\u2019un des cahiers, au hasard. Il lut l\u2019\u00e9tiquette manuscrite&nbsp;: \u00ab&nbsp;Fontbruno \u2013 12 au 18 juin 1944&nbsp;\u00bb.<\/p>\n\n\n\n<p>Le cahier \u00e9tait \u00e9pais, \u00e0 l\u2019int\u00e9rieur, outre les commentaires de son p\u00e8re, de nombreux feuillets avaient \u00e9t\u00e9 coll\u00e9s, textes dactylographi\u00e9s, coupures de journaux, photocopies de pages de livre. Impressionn\u00e9, le policier emporta le cahier pour le lire dans un endroit plus confortable, en bas aupr\u00e8s du feu.<\/p>\n\n\n\n<p><strong><em>Extrait du journal de Marcel Delpasse (Bouin) &#8211; juin 1944<\/em><\/strong><\/p>\n\n\n\n<p><em>Je m\u2019appelle Marcel Delpasse et je venais juste d\u2019avoir dix-huit ans au moment o\u00f9 commence ce r\u00e9cit. Je fr\u00e9quentais le lyc\u00e9e de la Borde Basse et nous nous pr\u00e9parions \u00e0 passer les \u00e9preuves du baccalaur\u00e9at, mais malgr\u00e9 les efforts des allemands, ce qui mobilisait toute notre attention, c\u2019\u00e9taient les nouvelles qui provenaient au compte-goutte de Normandie. J\u2019avais entendu parler de petits groupes de jeunes gens qui avaient quitt\u00e9 la ville pour \u00e9chapper au STO. Avec deux camarades, Julot et Pierre, nous avons d\u00e9cid\u00e9 de les rejoindre. J\u2019en ai parl\u00e9 \u00e0 mon p\u00e8re, qui poss\u00e9dait une petite entre prise de m\u00e9canique et qui connaissait beaucoup de monde. Il nous a mis en contact avec un homme qui pouvait nous emmener les rejoindre. Nous avions rendez-vous pr\u00e8s de la gare et nous avons embarqu\u00e9 avec un petit bagage dans son camion, charg\u00e9 de ravitaillement. Nous avons pris la route de Labrugui\u00e8re, et nous avons continu\u00e9 jusqu\u2019au col de Fontbruno. Je connaissais bien ces lieux o\u00f9 nous venions souvent avec mes parents avant la guerre. Notre chauffeur, qui s\u2019\u00e9tait pr\u00e9sent\u00e9 comme L\u00e9on, tout court, nous d\u00e9posa au milieu d\u2019un camp constitu\u00e9 de baraquements de bois et de tentes, dispers\u00e9s dans les bois. Il nous pr\u00e9senta \u00e0 un homme, j\u2019appris plus tard que c\u2019\u00e9tait le Capitaine de Kervenoael. Apr\u00e8s quelques minutes, il nous d\u00e9signa un petit groupe et nous proposa d\u2019aller les rejoindre pour le d\u00e9jeuner. Il y avait cinq ou six gar\u00e7ons de notre \u00e2ge, ou \u00e0 peine plus, et deux homme plus \u00e2g\u00e9s. Les plus jeunes \u00e9taient arriv\u00e9s peu de temps avant nous, les deux autres avaient particip\u00e9 aux combats en 1940 et r\u00e9ussi \u00e0 \u00e9chapper aux camps de prisonniers. L\u2019un \u00e9tait adjudant, on l\u2019appelait Ren\u00e9, l\u2019autre mar\u00e9chal des logis. Apr\u00e8s le repas, il nous a d\u00e9sign\u00e9 une cabane en nous disant d\u2019aller y d\u00e9poser nos affaires avant de les rejoindre pour l\u2019exercice.<\/em><\/p>\n\n\n\n<p><em>Nous avons commenc\u00e9 par une course dans les bois. Puis nous avons continu\u00e9 par des exercices de lutte. Enfin, le moment attendu est arriv\u00e9. Ren\u00e9 nous a pr\u00e9sent\u00e9 les armes. Nous avions les yeux brillants, Julot, Pierre et moi. Il y avait de tout&nbsp;! Des armes anglaises et am\u00e9ricaines surtout, mais aussi des armes allemandes prises \u00e0 l\u2019ennemi. Des fusils, des pistolets et aussi un gros truc que Ren\u00e9 appelait le FM.<\/em><\/p>\n\n\n\n<p><em>\u00c0 ce moment-l\u00e0, je n\u2019ai pas retenu tous les noms, ce n\u2019est qu\u2019au bout de quelques jours que j\u2019ai appris \u00e0 distinguer la mitraillette Sten, le fusil Mitrailleur Bren ou le fusil Remington, le Springfield M1903. Il y avait aussi des Luger, tout le monde voulait avoir le sien. Et je ne parle pas des grenades, on avait m\u00eame des grenades allemandes, avec un manche en bois.<\/em><\/p>\n\n\n\n<p><em>Les munitions \u00e9taient s\u00e9v\u00e8rement restreintes et dans les premiers jours, nous n\u2019avons pas eu beaucoup d\u2019occasions de tirer pour de bon.<\/em><\/p>\n\n\n\n<p><em>Nos chefs se pr\u00e9occupaient aussi de notre moralit\u00e9 et de notre engagement. Je crois qu\u2019ils craignaient de se faire infiltrer par des espions \u00e0 la solde de l\u2019ennemi. Tr\u00e8s vite, on nous a demand\u00e9 de choisir un surnom, j\u2019ai choisi \u00ab&nbsp;Bouin&nbsp;\u00bb, comme le champion de course \u00e0 pied, mort en 1914. J\u2019avais un livre qui relatait ses exploits \u00e0 la maison.<\/em><\/p>\n\n\n\n<p><em>Comme je courais vite et que j\u2019avais un peu \u00e9tudi\u00e9, on m\u2019a orient\u00e9 vers un r\u00f4le d\u2019estafette, j\u2019ai appris \u00e0 lire les cartes, \u00e0 comprendre le terrain, et aussi \u00e0 coder les messages. On n\u2019utilisait que tr\u00e8s peu la radio, c\u2019\u00e9tait trop risqu\u00e9. J\u2019allais distribuer les instructions \u00e9crites, \u00e0 pied le plus souvent.<\/em><\/p>\n\n\n\n<p>Laurent referma le cahier, des documents comme celui-l\u00e0, son p\u00e8re en avait collect\u00e9 des dizaines. Tous racontaient \u00e0 peu pr\u00e8s la m\u00eame histoire, seul diff\u00e9rait l\u2019origine des jeunes gens. On retrouvait toutes les cat\u00e9gories de la population, des paysans, des ouvriers, des \u00e9tudiants. La plupart cherchaient \u00e0 \u00e9viter le STO, le Service du Travail Obligatoire, de sinistre r\u00e9putation. Le maquis avait aussi accueilli des juifs, fuyant les rafles, des communistes espagnols ou italiens, des r\u00e9fugi\u00e9s d\u2019Europe de l\u2019Est qui avaient quitt\u00e9 leur pays d\u00e8s le d\u00e9but de la guerre. Tous avaient accept\u00e9 de mettre de c\u00f4t\u00e9 leurs diff\u00e9rences, politiques, religieuses ou ethniques, pour se battre contre l\u2019ennemi abhorr\u00e9, le boche.<\/p>\n\n\n\n<p>Le commissaire se demanda ce qui avait pouss\u00e9 son p\u00e8re \u00e0 r\u00e9unir cette masse de documents. Comment avait-il eu acc\u00e8s \u00e0 ces sources&nbsp;? Certes il s\u2019agissait de copies, mais il avait d\u00fb passer du temps \u00e0 fouiller les archives et les biblioth\u00e8ques. Avait-il pu lui-m\u00eame \u00eatre impliqu\u00e9 dans ces maquis&nbsp;? Il n\u2019en avait jamais parl\u00e9 devant lui. Cazenave fit un rappel calcul. Son p\u00e8re \u00e9tait n\u00e9 en 1928, il avait donc seize ans en 1944, trop t\u00f4t pour s\u2019engager, mais peut-\u00eatre avait-il rendu des services, port\u00e9 des messages ou de la nourriture.<\/p>\n\n\n\n<p>Pujol avait-il raison&nbsp;? Est-ce que l\u2019un de ces hommes, d\u2019une fa\u00e7on ou d\u2019une autre, pouvait avoir un rapport avec l\u2019inconnu retrouv\u00e9 dans la montagne&nbsp;?<\/p>\n\n\n\n<p><a href=\"https:\/\/ellington-photo.com\/ErosWalker\/linconnu-de-la-montagne-noire-10\/\" type=\"link\" id=\"https:\/\/ellington-photo.com\/ErosWalker\/linconnu-de-la-montagne-noire-10\/\">Lire la suite<\/a><\/p>\n\n\n\n<p><\/p>\n","protected":false},"excerpt":{"rendered":"<p>Mardi 30 septembre Laurent Cazenave pr\u00e9leva l\u2019un des cahiers, au hasard. Il lut l\u2019\u00e9tiquette manuscrite&nbsp;: \u00ab&nbsp;Fontbruno \u2013 12 au 18 juin 1944&nbsp;\u00bb. Le cahier \u00e9tait \u00e9pais, \u00e0 l\u2019int\u00e9rieur, outre les commentaires de son p\u00e8re, de nombreux feuillets avaient \u00e9t\u00e9 coll\u00e9s, textes dactylographi\u00e9s, coupures de journaux, &hellip; <\/p>\n","protected":false},"author":1,"featured_media":579,"parent":0,"menu_order":0,"comment_status":"closed","ping_status":"closed","template":"","meta":{"footnotes":""},"class_list":["post-576","page","type-page","status-publish","has-post-thumbnail","hentry"],"yoast_head":"<!-- This site is optimized with the Yoast SEO plugin v27.5 - https:\/\/yoast.com\/product\/yoast-seo-wordpress\/ -->\n<title>L&#039;inconnu de la Montagne Noire (9) - Eros Walker Stories<\/title>\n<meta name=\"robots\" content=\"index, follow, max-snippet:-1, max-image-preview:large, max-video-preview:-1\" \/>\n<link rel=\"canonical\" href=\"https:\/\/ellington-photo.com\/ErosWalker\/linconnu-de-la-montagne-noire-9\/\" \/>\n<meta property=\"og:locale\" content=\"fr_FR\" \/>\n<meta property=\"og:type\" content=\"article\" \/>\n<meta property=\"og:title\" content=\"L&#039;inconnu de la Montagne Noire (9) - Eros Walker Stories\" \/>\n<meta property=\"og:description\" content=\"Mardi 30 septembre Laurent Cazenave pr\u00e9leva l\u2019un des cahiers, au hasard. Il lut l\u2019\u00e9tiquette manuscrite&nbsp;: \u00ab&nbsp;Fontbruno \u2013 12 au 18 juin 1944&nbsp;\u00bb. Le cahier \u00e9tait \u00e9pais, \u00e0 l\u2019int\u00e9rieur, outre les commentaires de son p\u00e8re, de nombreux feuillets avaient \u00e9t\u00e9 coll\u00e9s, textes dactylographi\u00e9s, coupures de journaux, &hellip;\" \/>\n<meta property=\"og:url\" content=\"https:\/\/ellington-photo.com\/ErosWalker\/linconnu-de-la-montagne-noire-9\/\" \/>\n<meta property=\"og:site_name\" content=\"Eros Walker Stories\" \/>\n<meta property=\"article:modified_time\" content=\"2026-02-06T13:15:09+00:00\" \/>\n<meta property=\"og:image\" content=\"https:\/\/ellington-photo.com\/ErosWalker\/wp-content\/uploads\/2026\/02\/Chapitre-9-Linstruction.jpg\" \/>\n\t<meta property=\"og:image:width\" content=\"1024\" \/>\n\t<meta property=\"og:image:height\" content=\"768\" \/>\n\t<meta property=\"og:image:type\" content=\"image\/jpeg\" \/>\n<meta name=\"twitter:card\" content=\"summary_large_image\" \/>\n<meta name=\"twitter:label1\" content=\"Dur\u00e9e de lecture estim\u00e9e\" \/>\n\t<meta name=\"twitter:data1\" content=\"5 minutes\" \/>\n<script type=\"application\/ld+json\" class=\"yoast-schema-graph\">{\"@context\":\"https:\\\/\\\/schema.org\",\"@graph\":[{\"@type\":\"WebPage\",\"@id\":\"https:\\\/\\\/ellington-photo.com\\\/ErosWalker\\\/linconnu-de-la-montagne-noire-9\\\/\",\"url\":\"https:\\\/\\\/ellington-photo.com\\\/ErosWalker\\\/linconnu-de-la-montagne-noire-9\\\/\",\"name\":\"L'inconnu de la Montagne Noire (9) - Eros Walker Stories\",\"isPartOf\":{\"@id\":\"https:\\\/\\\/ellington-photo.com\\\/ErosWalker\\\/#website\"},\"primaryImageOfPage\":{\"@id\":\"https:\\\/\\\/ellington-photo.com\\\/ErosWalker\\\/linconnu-de-la-montagne-noire-9\\\/#primaryimage\"},\"image\":{\"@id\":\"https:\\\/\\\/ellington-photo.com\\\/ErosWalker\\\/linconnu-de-la-montagne-noire-9\\\/#primaryimage\"},\"thumbnailUrl\":\"https:\\\/\\\/ellington-photo.com\\\/ErosWalker\\\/wp-content\\\/uploads\\\/2026\\\/02\\\/Chapitre-9-Linstruction.jpg\",\"datePublished\":\"2026-02-04T10:24:39+00:00\",\"dateModified\":\"2026-02-06T13:15:09+00:00\",\"breadcrumb\":{\"@id\":\"https:\\\/\\\/ellington-photo.com\\\/ErosWalker\\\/linconnu-de-la-montagne-noire-9\\\/#breadcrumb\"},\"inLanguage\":\"fr-FR\",\"potentialAction\":[{\"@type\":\"ReadAction\",\"target\":[\"https:\\\/\\\/ellington-photo.com\\\/ErosWalker\\\/linconnu-de-la-montagne-noire-9\\\/\"]}]},{\"@type\":\"ImageObject\",\"inLanguage\":\"fr-FR\",\"@id\":\"https:\\\/\\\/ellington-photo.com\\\/ErosWalker\\\/linconnu-de-la-montagne-noire-9\\\/#primaryimage\",\"url\":\"https:\\\/\\\/ellington-photo.com\\\/ErosWalker\\\/wp-content\\\/uploads\\\/2026\\\/02\\\/Chapitre-9-Linstruction.jpg\",\"contentUrl\":\"https:\\\/\\\/ellington-photo.com\\\/ErosWalker\\\/wp-content\\\/uploads\\\/2026\\\/02\\\/Chapitre-9-Linstruction.jpg\",\"width\":1024,\"height\":768,\"caption\":\"Instruction des jeunes recrues au maquis en 1944\"},{\"@type\":\"BreadcrumbList\",\"@id\":\"https:\\\/\\\/ellington-photo.com\\\/ErosWalker\\\/linconnu-de-la-montagne-noire-9\\\/#breadcrumb\",\"itemListElement\":[{\"@type\":\"ListItem\",\"position\":1,\"name\":\"Accueil\",\"item\":\"https:\\\/\\\/ellington-photo.com\\\/ErosWalker\\\/\"},{\"@type\":\"ListItem\",\"position\":2,\"name\":\"L&rsquo;inconnu de la Montagne Noire (9)\"}]},{\"@type\":\"WebSite\",\"@id\":\"https:\\\/\\\/ellington-photo.com\\\/ErosWalker\\\/#website\",\"url\":\"https:\\\/\\\/ellington-photo.com\\\/ErosWalker\\\/\",\"name\":\"Eros Walker Stories\",\"description\":\"Litt\u00e9rature et images\",\"publisher\":{\"@id\":\"https:\\\/\\\/ellington-photo.com\\\/ErosWalker\\\/#organization\"},\"potentialAction\":[{\"@type\":\"SearchAction\",\"target\":{\"@type\":\"EntryPoint\",\"urlTemplate\":\"https:\\\/\\\/ellington-photo.com\\\/ErosWalker\\\/?s={search_term_string}\"},\"query-input\":{\"@type\":\"PropertyValueSpecification\",\"valueRequired\":true,\"valueName\":\"search_term_string\"}}],\"inLanguage\":\"fr-FR\"},{\"@type\":\"Organization\",\"@id\":\"https:\\\/\\\/ellington-photo.com\\\/ErosWalker\\\/#organization\",\"name\":\"Eros Walker Stories\",\"url\":\"https:\\\/\\\/ellington-photo.com\\\/ErosWalker\\\/\",\"logo\":{\"@type\":\"ImageObject\",\"inLanguage\":\"fr-FR\",\"@id\":\"https:\\\/\\\/ellington-photo.com\\\/ErosWalker\\\/#\\\/schema\\\/logo\\\/image\\\/\",\"url\":\"https:\\\/\\\/ellington-photo.com\\\/ErosWalker\\\/wp-content\\\/uploads\\\/2025\\\/05\\\/Chat-Noir.jpg\",\"contentUrl\":\"https:\\\/\\\/ellington-photo.com\\\/ErosWalker\\\/wp-content\\\/uploads\\\/2025\\\/05\\\/Chat-Noir.jpg\",\"width\":400,\"height\":391,\"caption\":\"Eros Walker Stories\"},\"image\":{\"@id\":\"https:\\\/\\\/ellington-photo.com\\\/ErosWalker\\\/#\\\/schema\\\/logo\\\/image\\\/\"},\"sameAs\":[\"https:\\\/\\\/www.linkedin.com\\\/in\\\/eros-walker-ab710a298\\\/\"]}]}<\/script>\n<!-- \/ Yoast SEO plugin. -->","yoast_head_json":{"title":"L'inconnu de la Montagne Noire (9) - Eros Walker Stories","robots":{"index":"index","follow":"follow","max-snippet":"max-snippet:-1","max-image-preview":"max-image-preview:large","max-video-preview":"max-video-preview:-1"},"canonical":"https:\/\/ellington-photo.com\/ErosWalker\/linconnu-de-la-montagne-noire-9\/","og_locale":"fr_FR","og_type":"article","og_title":"L'inconnu de la Montagne Noire (9) - Eros Walker Stories","og_description":"Mardi 30 septembre Laurent Cazenave pr\u00e9leva l\u2019un des cahiers, au hasard. Il lut l\u2019\u00e9tiquette manuscrite&nbsp;: \u00ab&nbsp;Fontbruno \u2013 12 au 18 juin 1944&nbsp;\u00bb. Le cahier \u00e9tait \u00e9pais, \u00e0 l\u2019int\u00e9rieur, outre les commentaires de son p\u00e8re, de nombreux feuillets avaient \u00e9t\u00e9 coll\u00e9s, textes dactylographi\u00e9s, coupures de journaux, &hellip;","og_url":"https:\/\/ellington-photo.com\/ErosWalker\/linconnu-de-la-montagne-noire-9\/","og_site_name":"Eros Walker Stories","article_modified_time":"2026-02-06T13:15:09+00:00","og_image":[{"width":1024,"height":768,"url":"https:\/\/ellington-photo.com\/ErosWalker\/wp-content\/uploads\/2026\/02\/Chapitre-9-Linstruction.jpg","type":"image\/jpeg"}],"twitter_card":"summary_large_image","twitter_misc":{"Dur\u00e9e de lecture estim\u00e9e":"5 minutes"},"schema":{"@context":"https:\/\/schema.org","@graph":[{"@type":"WebPage","@id":"https:\/\/ellington-photo.com\/ErosWalker\/linconnu-de-la-montagne-noire-9\/","url":"https:\/\/ellington-photo.com\/ErosWalker\/linconnu-de-la-montagne-noire-9\/","name":"L'inconnu de la Montagne Noire (9) - Eros Walker Stories","isPartOf":{"@id":"https:\/\/ellington-photo.com\/ErosWalker\/#website"},"primaryImageOfPage":{"@id":"https:\/\/ellington-photo.com\/ErosWalker\/linconnu-de-la-montagne-noire-9\/#primaryimage"},"image":{"@id":"https:\/\/ellington-photo.com\/ErosWalker\/linconnu-de-la-montagne-noire-9\/#primaryimage"},"thumbnailUrl":"https:\/\/ellington-photo.com\/ErosWalker\/wp-content\/uploads\/2026\/02\/Chapitre-9-Linstruction.jpg","datePublished":"2026-02-04T10:24:39+00:00","dateModified":"2026-02-06T13:15:09+00:00","breadcrumb":{"@id":"https:\/\/ellington-photo.com\/ErosWalker\/linconnu-de-la-montagne-noire-9\/#breadcrumb"},"inLanguage":"fr-FR","potentialAction":[{"@type":"ReadAction","target":["https:\/\/ellington-photo.com\/ErosWalker\/linconnu-de-la-montagne-noire-9\/"]}]},{"@type":"ImageObject","inLanguage":"fr-FR","@id":"https:\/\/ellington-photo.com\/ErosWalker\/linconnu-de-la-montagne-noire-9\/#primaryimage","url":"https:\/\/ellington-photo.com\/ErosWalker\/wp-content\/uploads\/2026\/02\/Chapitre-9-Linstruction.jpg","contentUrl":"https:\/\/ellington-photo.com\/ErosWalker\/wp-content\/uploads\/2026\/02\/Chapitre-9-Linstruction.jpg","width":1024,"height":768,"caption":"Instruction des jeunes recrues au maquis en 1944"},{"@type":"BreadcrumbList","@id":"https:\/\/ellington-photo.com\/ErosWalker\/linconnu-de-la-montagne-noire-9\/#breadcrumb","itemListElement":[{"@type":"ListItem","position":1,"name":"Accueil","item":"https:\/\/ellington-photo.com\/ErosWalker\/"},{"@type":"ListItem","position":2,"name":"L&rsquo;inconnu de la Montagne Noire (9)"}]},{"@type":"WebSite","@id":"https:\/\/ellington-photo.com\/ErosWalker\/#website","url":"https:\/\/ellington-photo.com\/ErosWalker\/","name":"Eros Walker Stories","description":"Litt\u00e9rature et images","publisher":{"@id":"https:\/\/ellington-photo.com\/ErosWalker\/#organization"},"potentialAction":[{"@type":"SearchAction","target":{"@type":"EntryPoint","urlTemplate":"https:\/\/ellington-photo.com\/ErosWalker\/?s={search_term_string}"},"query-input":{"@type":"PropertyValueSpecification","valueRequired":true,"valueName":"search_term_string"}}],"inLanguage":"fr-FR"},{"@type":"Organization","@id":"https:\/\/ellington-photo.com\/ErosWalker\/#organization","name":"Eros Walker Stories","url":"https:\/\/ellington-photo.com\/ErosWalker\/","logo":{"@type":"ImageObject","inLanguage":"fr-FR","@id":"https:\/\/ellington-photo.com\/ErosWalker\/#\/schema\/logo\/image\/","url":"https:\/\/ellington-photo.com\/ErosWalker\/wp-content\/uploads\/2025\/05\/Chat-Noir.jpg","contentUrl":"https:\/\/ellington-photo.com\/ErosWalker\/wp-content\/uploads\/2025\/05\/Chat-Noir.jpg","width":400,"height":391,"caption":"Eros Walker Stories"},"image":{"@id":"https:\/\/ellington-photo.com\/ErosWalker\/#\/schema\/logo\/image\/"},"sameAs":["https:\/\/www.linkedin.com\/in\/eros-walker-ab710a298\/"]}]}},"_links":{"self":[{"href":"https:\/\/ellington-photo.com\/ErosWalker\/wp-json\/wp\/v2\/pages\/576","targetHints":{"allow":["GET"]}}],"collection":[{"href":"https:\/\/ellington-photo.com\/ErosWalker\/wp-json\/wp\/v2\/pages"}],"about":[{"href":"https:\/\/ellington-photo.com\/ErosWalker\/wp-json\/wp\/v2\/types\/page"}],"author":[{"embeddable":true,"href":"https:\/\/ellington-photo.com\/ErosWalker\/wp-json\/wp\/v2\/users\/1"}],"replies":[{"embeddable":true,"href":"https:\/\/ellington-photo.com\/ErosWalker\/wp-json\/wp\/v2\/comments?post=576"}],"version-history":[{"count":3,"href":"https:\/\/ellington-photo.com\/ErosWalker\/wp-json\/wp\/v2\/pages\/576\/revisions"}],"predecessor-version":[{"id":584,"href":"https:\/\/ellington-photo.com\/ErosWalker\/wp-json\/wp\/v2\/pages\/576\/revisions\/584"}],"wp:featuredmedia":[{"embeddable":true,"href":"https:\/\/ellington-photo.com\/ErosWalker\/wp-json\/wp\/v2\/media\/579"}],"wp:attachment":[{"href":"https:\/\/ellington-photo.com\/ErosWalker\/wp-json\/wp\/v2\/media?parent=576"}],"curies":[{"name":"wp","href":"https:\/\/api.w.org\/{rel}","templated":true}]}}