{"id":567,"date":"2026-02-01T11:11:04","date_gmt":"2026-02-01T10:11:04","guid":{"rendered":"https:\/\/ellington-photo.com\/ErosWalker\/?page_id=567"},"modified":"2026-02-04T11:23:46","modified_gmt":"2026-02-04T10:23:46","slug":"linconnu-de-la-montagne-noire-8","status":"publish","type":"page","link":"https:\/\/ellington-photo.com\/ErosWalker\/linconnu-de-la-montagne-noire-8\/","title":{"rendered":"L&rsquo;inconnu de la Montagne Noire (8)"},"content":{"rendered":"\n<p class=\"has-medium-font-size\"><strong>Mardi 30 septembre<\/strong><\/p>\n\n\n\n<p>Miquel Pujol arr\u00eata sa petite voiture devant le grand portail de bois \u00e0 la peinture \u00e9caill\u00e9e. Les vantaux \u00e9taient ouverts, mais il pr\u00e9f\u00e9ra la laisser \u00e0 l\u2019ext\u00e9rieur, n\u2019\u00e9tant pas invit\u00e9. Il connaissait bien la maison, ayant r\u00e9guli\u00e8rement fr\u00e9quent\u00e9 le couple de pharmaciens quand ils y vivaient encore, cependant, il \u00e9tait beaucoup moins familier de leur fils, qui n&rsquo;\u00e9tait revenu au pays que r\u00e9cemment.<\/p>\n\n\n\n<p>Il y avait un v\u00e9hicule stationn\u00e9 \u00e0 proximit\u00e9 de la maison et un mince filet de fum\u00e9e montait au dessus du toit. Pujol en conclut que le nouvel occupant devait \u00eatre pr\u00e9sent. Laurent Cazenave le re\u00e7ut avec empressement.<\/p>\n\n\n\n<p>\u2014 Monsieur Pujol&nbsp;! Entrez donc, il ne fait pas chaud aujourd\u2019hui. Qu\u2019est-ce qui me vaut le plaisir de votre visite&nbsp;?<\/p>\n\n\n\n<p>\u2014 Eh bien, vos parents, je les ai d\u2019abord connus comme clients de la pharmacie, puis, avec le temps, ils sont devenus des amis. Vous, en revanche, depuis que vous avez quitt\u00e9 Sor\u00e8ze, nos occasions de se voir se sont faites rares. J\u2019esp\u00e8re que vous ne m\u2019en voudrez pas de venir vers vous comme \u00e7a\u2026 J\u2019aurais aim\u00e9 qu\u2019on puisse discuter un peu, si vous avez un peu de temps.<\/p>\n\n\n\n<p>\u2014 Oh \u00e7a, du temps, ce n\u2019est pas ce qui me manque&nbsp;! Je dois dire que depuis que j\u2019ai termin\u00e9 le plus gros des travaux, je commence \u00e0 trouver certaines journ\u00e9es un peu longues, d\u2019autant que les quelques propri\u00e9t\u00e9s aux alentours h\u00e9bergent surtout des vacanciers, qui se font rares avec l\u2019automne. Venez vous asseoir pr\u00e8s du feu, voulez-vous un caf\u00e9, ou autre chose&nbsp;?<\/p>\n\n\n\n<p>\u2014 Un caf\u00e9, oui, merci, noir, sans sucre.<\/p>\n\n\n\n<p>L\u2019ancien policier s\u2019\u00e9loigna vers la cuisine tout en continuant \u00e0 parler assez fort.<\/p>\n\n\n\n<p>\u2014 Officiellement, je n\u2019habite pas sur la commune d\u2019Arfons, je ne suis m\u00eame pas dans le Tarn. Ici, nous sommes sur la commune de Saissac, mais le village est assez loin. Vous \u00eates toujours au conseil municipal&nbsp;?<\/p>\n\n\n\n<p>\u2014 Non, r\u00e9pondit Miquel, j\u2019ai fait trois mandats comme adjoint puis maire, et j\u2019ai pr\u00e9f\u00e9r\u00e9 laisser la place \u00e0 des plus jeunes aux derni\u00e8res \u00e9lections. Je ne viens pas vous voir en tant qu\u2019\u00e9lu. En fait, je vais \u00eatre direct, vous avez sans doute lu dans La D\u00e9p\u00eache\u2026<\/p>\n\n\n\n<p>\u2014 Non, je ne lis pas les journaux locaux, je devrais peut-\u00eatre, mais je n\u2019en ai jamais pris l\u2019habitude.<\/p>\n\n\n\n<p>\u2014 Alors vous ne savez pas qu\u2019on a retrouv\u00e9 un cadavre dans la for\u00eat, au Plo del May&nbsp;?<\/p>\n\n\n\n<p>\u2014 Non, en effet, mais vous savez que j\u2019ai quitt\u00e9 la police depuis quelques temps. Je ne vais pas\u2026<\/p>\n\n\n\n<p>\u2014 Ah non&nbsp;! Ce n\u2019est pas \u00e7a. En fait, laissez-moi expliquer. Avec mon camarade Guilhem Alric, l\u2019ancien menuisier, on a trouv\u00e9 ce type dans les bois. Il \u00e9tait curieusement habill\u00e9, enfin, pas comme de nos jours, vous voyez&nbsp;?<\/p>\n\n\n\n<p>\u2014 Pas vraiment, r\u00e9pondit Laurent, un peu dubitatif.<\/p>\n\n\n\n<p>\u2014 Sa veste, sa chemise et sa cravate verte, j\u2019ai fait remarquer \u00e0 Guilhem que \u00e7a me faisait penser \u00e0 Derrick, le policer allemand.<\/p>\n\n\n\n<p>\u2014 Oui, \u00e7a je connais.<\/p>\n\n\n\n<p>\u2014 Et quand on est repass\u00e9 devant la st\u00e8le au Plo del May, j\u2019ai pens\u00e9 qu\u2019il y avait peut-\u00eatre un lien.<\/p>\n\n\n\n<p>\u2014 Un lien&nbsp;? s\u2019\u00e9tonna Cazenave.<\/p>\n\n\n\n<p>\u2014 Une histoire de vengeance peut-\u00eatre, \u00e0 cause des combats qui ont eu lieu dans le secteur, avec le maquis.<\/p>\n\n\n\n<p>\u2014 Mais c\u2019\u00e9tait il y a plus de quatre-vingt ans, ceux qui ont v\u00e9cu ces \u00e9v\u00e9nements sont tous d\u00e9j\u00e0 morts.<\/p>\n\n\n\n<p>\u2014 C\u2019est vrai, vous avez raison. Vous savez, j\u2019ai \u00e9t\u00e9 instituteur ici, et avec mes \u00e9l\u00e8ves, je n\u2019ai jamais manqu\u00e9 d\u2019\u00e9voquer cette p\u00e9riode, mais je ne suis pas un sp\u00e9cialiste, par contre, je crois que votre p\u00e8re s\u2019int\u00e9ressait \u00e0 l\u2019histoire de la r\u00e9gion.<\/p>\n\n\n\n<p>\u2014 C\u2019est vrai, conc\u00e9da le policier. Mon p\u00e8re \u00e9tait tr\u00e8s jeune \u00e0 la fin de la guerre, je crois qu\u2019il avait dix ou douze ans, mais cette p\u00e9riode l\u2019avait beaucoup marqu\u00e9.<\/p>\n\n\n\n<p>\u2014 Vous avez conserv\u00e9 ses archives&nbsp;? demanda Pujol.<\/p>\n\n\n\n<p>\u2014 Sauf si ma m\u00e8re a fait le m\u00e9nage apr\u00e8s sa mort, moi je n\u2019ai rien jet\u00e9.<\/p>\n\n\n\n<p>\u2014 C\u2019est peut-\u00eatre beaucoup demander, mais vous croyez qu\u2019on pourrait regarder \u00e7a&nbsp;?<\/p>\n\n\n\n<p>\u2014 Je ne vous promets rien, mais je vais voir ce que je trouve, et je vous le ferai savoir. Quelques minutes plus tard, son visiteur reparti, Laurent Cazenave monta \u00e0 l\u2019\u00e9tage. La pi\u00e8ce qui avait servi de bureau \u00e0 son p\u00e8re \u00e9tait rest\u00e9e telle qu\u2019au moment du d\u00e9c\u00e8s de celui-ci, quelques ann\u00e9es plus t\u00f4t. Ni la pharmacienne, ni son fils n\u2019y avaient touch\u00e9. Quand le commissaire poussa la porte, c\u2019est l\u2019odeur qui le surprit le plus. Une odeur de vieux papier et de poussi\u00e8re, cette m\u00eame poussi\u00e8re qui dansait dans le rayon de lumi\u00e8re du jour d\u00e9clinant. Cazenave connaissait la passion de son p\u00e8re pour l\u2019histoire de la r\u00e9sistance locale, mais il n\u2019imaginait pas la somme de documents amass\u00e9s. La pi\u00e8ce \u00e9tait meubl\u00e9e sommairement, ressemblant plus \u00e0 un galetas qu\u2019\u00e0 un bureau. Quelques \u00e9tag\u00e8res croulaient sous les livres et les piles de cahiers et de classeurs. Une simple table de travail, proche de la fen\u00eatre avec une chaise en paille, pas d\u2019ordinateur ni aucun autre appareil moderne, juste un vieux poste de radio \u00e0 lampes, vestige d\u2019un temps r\u00e9volu. Pierre Cazenave n\u2019avait pas seulement collectionn\u00e9 les documents, il les avait r\u00e9pertori\u00e9s et r\u00e9sum\u00e9s dans une s\u00e9rie de cahiers d\u2019\u00e9colier, soigneusement identifi\u00e9s, avec des indications de lieu et de date sur la couverture. Sans surprise, l\u2019essentiel se concentrait sur l\u2019\u00e9t\u00e9 1944.<\/p>\n\n\n\n<p><a href=\"https:\/\/ellington-photo.com\/ErosWalker\/linconnu-de-la-montagne-noire-9\/\">Lire la suite<\/a><\/p>\n\n\n\n<p><\/p>\n","protected":false},"excerpt":{"rendered":"<p>Mardi 30 septembre Miquel Pujol arr\u00eata sa petite voiture devant le grand portail de bois \u00e0 la peinture \u00e9caill\u00e9e. Les vantaux \u00e9taient ouverts, mais il pr\u00e9f\u00e9ra la laisser \u00e0 l\u2019ext\u00e9rieur, n\u2019\u00e9tant pas invit\u00e9. Il connaissait bien la maison, ayant r\u00e9guli\u00e8rement fr\u00e9quent\u00e9 le couple de pharmaciens &hellip; <\/p>\n","protected":false},"author":1,"featured_media":575,"parent":0,"menu_order":0,"comment_status":"closed","ping_status":"closed","template":"","meta":{"footnotes":""},"class_list":["post-567","page","type-page","status-publish","has-post-thumbnail","hentry"],"yoast_head":"<!-- This site is optimized with the Yoast SEO plugin v27.5 - https:\/\/yoast.com\/product\/yoast-seo-wordpress\/ -->\n<title>L&#039;inconnu de la Montagne Noire (8) - Eros Walker Stories<\/title>\n<meta name=\"robots\" content=\"index, follow, max-snippet:-1, max-image-preview:large, max-video-preview:-1\" \/>\n<link rel=\"canonical\" href=\"https:\/\/ellington-photo.com\/ErosWalker\/linconnu-de-la-montagne-noire-8\/\" \/>\n<meta property=\"og:locale\" content=\"fr_FR\" \/>\n<meta property=\"og:type\" content=\"article\" \/>\n<meta property=\"og:title\" content=\"L&#039;inconnu de la Montagne Noire (8) - Eros Walker Stories\" \/>\n<meta property=\"og:description\" content=\"Mardi 30 septembre Miquel Pujol arr\u00eata sa petite voiture devant le grand portail de bois \u00e0 la peinture \u00e9caill\u00e9e. Les vantaux \u00e9taient ouverts, mais il pr\u00e9f\u00e9ra la laisser \u00e0 l\u2019ext\u00e9rieur, n\u2019\u00e9tant pas invit\u00e9. Il connaissait bien la maison, ayant r\u00e9guli\u00e8rement fr\u00e9quent\u00e9 le couple de pharmaciens &hellip;\" \/>\n<meta property=\"og:url\" content=\"https:\/\/ellington-photo.com\/ErosWalker\/linconnu-de-la-montagne-noire-8\/\" \/>\n<meta property=\"og:site_name\" content=\"Eros Walker Stories\" \/>\n<meta property=\"article:modified_time\" content=\"2026-02-04T10:23:46+00:00\" \/>\n<meta property=\"og:image\" content=\"https:\/\/ellington-photo.com\/ErosWalker\/wp-content\/uploads\/2026\/02\/Chapitre-8-Le-grenier-3.jpg\" \/>\n\t<meta property=\"og:image:width\" content=\"800\" \/>\n\t<meta property=\"og:image:height\" content=\"533\" \/>\n\t<meta property=\"og:image:type\" content=\"image\/jpeg\" \/>\n<meta name=\"twitter:card\" content=\"summary_large_image\" \/>\n<meta name=\"twitter:label1\" content=\"Dur\u00e9e de lecture estim\u00e9e\" \/>\n\t<meta name=\"twitter:data1\" content=\"5 minutes\" \/>\n<script type=\"application\/ld+json\" class=\"yoast-schema-graph\">{\"@context\":\"https:\\\/\\\/schema.org\",\"@graph\":[{\"@type\":\"WebPage\",\"@id\":\"https:\\\/\\\/ellington-photo.com\\\/ErosWalker\\\/linconnu-de-la-montagne-noire-8\\\/\",\"url\":\"https:\\\/\\\/ellington-photo.com\\\/ErosWalker\\\/linconnu-de-la-montagne-noire-8\\\/\",\"name\":\"L'inconnu de la Montagne Noire (8) - Eros Walker Stories\",\"isPartOf\":{\"@id\":\"https:\\\/\\\/ellington-photo.com\\\/ErosWalker\\\/#website\"},\"primaryImageOfPage\":{\"@id\":\"https:\\\/\\\/ellington-photo.com\\\/ErosWalker\\\/linconnu-de-la-montagne-noire-8\\\/#primaryimage\"},\"image\":{\"@id\":\"https:\\\/\\\/ellington-photo.com\\\/ErosWalker\\\/linconnu-de-la-montagne-noire-8\\\/#primaryimage\"},\"thumbnailUrl\":\"https:\\\/\\\/ellington-photo.com\\\/ErosWalker\\\/wp-content\\\/uploads\\\/2026\\\/02\\\/Chapitre-8-Le-grenier-3.jpg\",\"datePublished\":\"2026-02-01T10:11:04+00:00\",\"dateModified\":\"2026-02-04T10:23:46+00:00\",\"breadcrumb\":{\"@id\":\"https:\\\/\\\/ellington-photo.com\\\/ErosWalker\\\/linconnu-de-la-montagne-noire-8\\\/#breadcrumb\"},\"inLanguage\":\"fr-FR\",\"potentialAction\":[{\"@type\":\"ReadAction\",\"target\":[\"https:\\\/\\\/ellington-photo.com\\\/ErosWalker\\\/linconnu-de-la-montagne-noire-8\\\/\"]}]},{\"@type\":\"ImageObject\",\"inLanguage\":\"fr-FR\",\"@id\":\"https:\\\/\\\/ellington-photo.com\\\/ErosWalker\\\/linconnu-de-la-montagne-noire-8\\\/#primaryimage\",\"url\":\"https:\\\/\\\/ellington-photo.com\\\/ErosWalker\\\/wp-content\\\/uploads\\\/2026\\\/02\\\/Chapitre-8-Le-grenier-3.jpg\",\"contentUrl\":\"https:\\\/\\\/ellington-photo.com\\\/ErosWalker\\\/wp-content\\\/uploads\\\/2026\\\/02\\\/Chapitre-8-Le-grenier-3.jpg\",\"width\":800,\"height\":533},{\"@type\":\"BreadcrumbList\",\"@id\":\"https:\\\/\\\/ellington-photo.com\\\/ErosWalker\\\/linconnu-de-la-montagne-noire-8\\\/#breadcrumb\",\"itemListElement\":[{\"@type\":\"ListItem\",\"position\":1,\"name\":\"Accueil\",\"item\":\"https:\\\/\\\/ellington-photo.com\\\/ErosWalker\\\/\"},{\"@type\":\"ListItem\",\"position\":2,\"name\":\"L&rsquo;inconnu de la Montagne Noire (8)\"}]},{\"@type\":\"WebSite\",\"@id\":\"https:\\\/\\\/ellington-photo.com\\\/ErosWalker\\\/#website\",\"url\":\"https:\\\/\\\/ellington-photo.com\\\/ErosWalker\\\/\",\"name\":\"Eros Walker Stories\",\"description\":\"Litt\u00e9rature et images\",\"publisher\":{\"@id\":\"https:\\\/\\\/ellington-photo.com\\\/ErosWalker\\\/#organization\"},\"potentialAction\":[{\"@type\":\"SearchAction\",\"target\":{\"@type\":\"EntryPoint\",\"urlTemplate\":\"https:\\\/\\\/ellington-photo.com\\\/ErosWalker\\\/?s={search_term_string}\"},\"query-input\":{\"@type\":\"PropertyValueSpecification\",\"valueRequired\":true,\"valueName\":\"search_term_string\"}}],\"inLanguage\":\"fr-FR\"},{\"@type\":\"Organization\",\"@id\":\"https:\\\/\\\/ellington-photo.com\\\/ErosWalker\\\/#organization\",\"name\":\"Eros Walker Stories\",\"url\":\"https:\\\/\\\/ellington-photo.com\\\/ErosWalker\\\/\",\"logo\":{\"@type\":\"ImageObject\",\"inLanguage\":\"fr-FR\",\"@id\":\"https:\\\/\\\/ellington-photo.com\\\/ErosWalker\\\/#\\\/schema\\\/logo\\\/image\\\/\",\"url\":\"https:\\\/\\\/ellington-photo.com\\\/ErosWalker\\\/wp-content\\\/uploads\\\/2025\\\/05\\\/Chat-Noir.jpg\",\"contentUrl\":\"https:\\\/\\\/ellington-photo.com\\\/ErosWalker\\\/wp-content\\\/uploads\\\/2025\\\/05\\\/Chat-Noir.jpg\",\"width\":400,\"height\":391,\"caption\":\"Eros Walker Stories\"},\"image\":{\"@id\":\"https:\\\/\\\/ellington-photo.com\\\/ErosWalker\\\/#\\\/schema\\\/logo\\\/image\\\/\"},\"sameAs\":[\"https:\\\/\\\/www.linkedin.com\\\/in\\\/eros-walker-ab710a298\\\/\"]}]}<\/script>\n<!-- \/ Yoast SEO plugin. -->","yoast_head_json":{"title":"L'inconnu de la Montagne Noire (8) - Eros Walker Stories","robots":{"index":"index","follow":"follow","max-snippet":"max-snippet:-1","max-image-preview":"max-image-preview:large","max-video-preview":"max-video-preview:-1"},"canonical":"https:\/\/ellington-photo.com\/ErosWalker\/linconnu-de-la-montagne-noire-8\/","og_locale":"fr_FR","og_type":"article","og_title":"L'inconnu de la Montagne Noire (8) - Eros Walker Stories","og_description":"Mardi 30 septembre Miquel Pujol arr\u00eata sa petite voiture devant le grand portail de bois \u00e0 la peinture \u00e9caill\u00e9e. Les vantaux \u00e9taient ouverts, mais il pr\u00e9f\u00e9ra la laisser \u00e0 l\u2019ext\u00e9rieur, n\u2019\u00e9tant pas invit\u00e9. Il connaissait bien la maison, ayant r\u00e9guli\u00e8rement fr\u00e9quent\u00e9 le couple de pharmaciens &hellip;","og_url":"https:\/\/ellington-photo.com\/ErosWalker\/linconnu-de-la-montagne-noire-8\/","og_site_name":"Eros Walker Stories","article_modified_time":"2026-02-04T10:23:46+00:00","og_image":[{"width":800,"height":533,"url":"https:\/\/ellington-photo.com\/ErosWalker\/wp-content\/uploads\/2026\/02\/Chapitre-8-Le-grenier-3.jpg","type":"image\/jpeg"}],"twitter_card":"summary_large_image","twitter_misc":{"Dur\u00e9e de lecture estim\u00e9e":"5 minutes"},"schema":{"@context":"https:\/\/schema.org","@graph":[{"@type":"WebPage","@id":"https:\/\/ellington-photo.com\/ErosWalker\/linconnu-de-la-montagne-noire-8\/","url":"https:\/\/ellington-photo.com\/ErosWalker\/linconnu-de-la-montagne-noire-8\/","name":"L'inconnu de la Montagne Noire (8) - Eros Walker Stories","isPartOf":{"@id":"https:\/\/ellington-photo.com\/ErosWalker\/#website"},"primaryImageOfPage":{"@id":"https:\/\/ellington-photo.com\/ErosWalker\/linconnu-de-la-montagne-noire-8\/#primaryimage"},"image":{"@id":"https:\/\/ellington-photo.com\/ErosWalker\/linconnu-de-la-montagne-noire-8\/#primaryimage"},"thumbnailUrl":"https:\/\/ellington-photo.com\/ErosWalker\/wp-content\/uploads\/2026\/02\/Chapitre-8-Le-grenier-3.jpg","datePublished":"2026-02-01T10:11:04+00:00","dateModified":"2026-02-04T10:23:46+00:00","breadcrumb":{"@id":"https:\/\/ellington-photo.com\/ErosWalker\/linconnu-de-la-montagne-noire-8\/#breadcrumb"},"inLanguage":"fr-FR","potentialAction":[{"@type":"ReadAction","target":["https:\/\/ellington-photo.com\/ErosWalker\/linconnu-de-la-montagne-noire-8\/"]}]},{"@type":"ImageObject","inLanguage":"fr-FR","@id":"https:\/\/ellington-photo.com\/ErosWalker\/linconnu-de-la-montagne-noire-8\/#primaryimage","url":"https:\/\/ellington-photo.com\/ErosWalker\/wp-content\/uploads\/2026\/02\/Chapitre-8-Le-grenier-3.jpg","contentUrl":"https:\/\/ellington-photo.com\/ErosWalker\/wp-content\/uploads\/2026\/02\/Chapitre-8-Le-grenier-3.jpg","width":800,"height":533},{"@type":"BreadcrumbList","@id":"https:\/\/ellington-photo.com\/ErosWalker\/linconnu-de-la-montagne-noire-8\/#breadcrumb","itemListElement":[{"@type":"ListItem","position":1,"name":"Accueil","item":"https:\/\/ellington-photo.com\/ErosWalker\/"},{"@type":"ListItem","position":2,"name":"L&rsquo;inconnu de la Montagne Noire (8)"}]},{"@type":"WebSite","@id":"https:\/\/ellington-photo.com\/ErosWalker\/#website","url":"https:\/\/ellington-photo.com\/ErosWalker\/","name":"Eros Walker Stories","description":"Litt\u00e9rature et images","publisher":{"@id":"https:\/\/ellington-photo.com\/ErosWalker\/#organization"},"potentialAction":[{"@type":"SearchAction","target":{"@type":"EntryPoint","urlTemplate":"https:\/\/ellington-photo.com\/ErosWalker\/?s={search_term_string}"},"query-input":{"@type":"PropertyValueSpecification","valueRequired":true,"valueName":"search_term_string"}}],"inLanguage":"fr-FR"},{"@type":"Organization","@id":"https:\/\/ellington-photo.com\/ErosWalker\/#organization","name":"Eros Walker Stories","url":"https:\/\/ellington-photo.com\/ErosWalker\/","logo":{"@type":"ImageObject","inLanguage":"fr-FR","@id":"https:\/\/ellington-photo.com\/ErosWalker\/#\/schema\/logo\/image\/","url":"https:\/\/ellington-photo.com\/ErosWalker\/wp-content\/uploads\/2025\/05\/Chat-Noir.jpg","contentUrl":"https:\/\/ellington-photo.com\/ErosWalker\/wp-content\/uploads\/2025\/05\/Chat-Noir.jpg","width":400,"height":391,"caption":"Eros Walker Stories"},"image":{"@id":"https:\/\/ellington-photo.com\/ErosWalker\/#\/schema\/logo\/image\/"},"sameAs":["https:\/\/www.linkedin.com\/in\/eros-walker-ab710a298\/"]}]}},"_links":{"self":[{"href":"https:\/\/ellington-photo.com\/ErosWalker\/wp-json\/wp\/v2\/pages\/567","targetHints":{"allow":["GET"]}}],"collection":[{"href":"https:\/\/ellington-photo.com\/ErosWalker\/wp-json\/wp\/v2\/pages"}],"about":[{"href":"https:\/\/ellington-photo.com\/ErosWalker\/wp-json\/wp\/v2\/types\/page"}],"author":[{"embeddable":true,"href":"https:\/\/ellington-photo.com\/ErosWalker\/wp-json\/wp\/v2\/users\/1"}],"replies":[{"embeddable":true,"href":"https:\/\/ellington-photo.com\/ErosWalker\/wp-json\/wp\/v2\/comments?post=567"}],"version-history":[{"count":3,"href":"https:\/\/ellington-photo.com\/ErosWalker\/wp-json\/wp\/v2\/pages\/567\/revisions"}],"predecessor-version":[{"id":577,"href":"https:\/\/ellington-photo.com\/ErosWalker\/wp-json\/wp\/v2\/pages\/567\/revisions\/577"}],"wp:featuredmedia":[{"embeddable":true,"href":"https:\/\/ellington-photo.com\/ErosWalker\/wp-json\/wp\/v2\/media\/575"}],"wp:attachment":[{"href":"https:\/\/ellington-photo.com\/ErosWalker\/wp-json\/wp\/v2\/media?parent=567"}],"curies":[{"name":"wp","href":"https:\/\/api.w.org\/{rel}","templated":true}]}}