{"id":546,"date":"2026-01-20T16:56:32","date_gmt":"2026-01-20T15:56:32","guid":{"rendered":"https:\/\/ellington-photo.com\/ErosWalker\/?page_id=546"},"modified":"2026-01-23T10:42:24","modified_gmt":"2026-01-23T09:42:24","slug":"linconnu-de-la-montagne-noire-5","status":"publish","type":"page","link":"https:\/\/ellington-photo.com\/ErosWalker\/linconnu-de-la-montagne-noire-5\/","title":{"rendered":"L&rsquo;inconnu de la Montagne Noire (5)"},"content":{"rendered":"\n<p class=\"has-medium-font-size\"><strong>Chapitre 5<\/strong><\/p>\n\n\n\n<p><strong>Lundi 29 septembre<\/strong><\/p>\n\n\n\n<p>La photo sur la premi\u00e8re page du journal ne montrait rien, sinon deux gendarmes de dos, dans ce qui semblait \u00eatre un paysage forestier, mais le titre \u00e0 la une \u00e9tait accrocheur. L\u2019adjudant avait raison, m\u00eame si l\u2019article ne lui apprenait pas grand-chose. Tout de m\u00eame, trois balles, ce n\u2019\u00e9tait pas un accident de chasse. Miquel Pujol reposa La D\u00e9p\u00eache sur la table basse. D\u2019un point de vue purement administratif, le corps n\u2019avait pas \u00e9t\u00e9 retrouv\u00e9 sur la commune d\u2019Arfons, et il n\u2019\u00e9tait plus maire, mais il ne pouvait s\u2019emp\u00eacher de raisonner comme au temps o\u00f9 on venait le chercher en pleine nuit, pour un homme retrouv\u00e9 pendu dans son grenier, un accident de chasse ou un dramatique accident de la route.<\/p>\n\n\n\n<p>Miquel avait exerc\u00e9 le m\u00e9tier d\u2019instituteur, professeur des \u00e9coles comme on dit maintenant. Il avait d\u00e9but\u00e9 \u00e0 Graulhet, dans un temps o\u00f9 la ville \u00e9tait encore riche de son cuir, puis avait choisi de venir exercer en zone rurale. Quand il avait pris sa retraite, quinze ans plus t\u00f4t, il \u00e9tait \u00e0 la fois l\u2019unique enseignant, le directeur et le maire de la commune. Rien de ce qui se passait dans le secteur ne lui \u00e9tait inconnu, sauf peut-\u00eatre quelques secrets que seul le cur\u00e9 pouvait entendre, et encore\u2026 le caf\u00e9 de la place, l\u2019Estaminet, se transformait parfois en confessionnal \u00e0 l\u2019extr\u00e9mit\u00e9 du zinc et les ragots ne manquaient pas de revenir \u00e0 ses oreilles \u00e0 l\u2019heure de l\u2019ap\u00e9ritif sous les platanes. Aujourd\u2019hui, c\u2019\u00e9tait diff\u00e9rent, le caf\u00e9 avait ferm\u00e9 et les ragots se colportaient sur les r\u00e9seaux sociaux.<\/p>\n\n\n\n<p>En d\u00e9pit de son \u00e2ge, Pujol avait \u00e9volu\u00e9 avec son temps. Sans \u00eatre aussi \u00e0 l\u2019aise que ses petits-enfants, il savait se servir d\u2019un ordinateur et d\u2019un t\u00e9l\u00e9phone pour rechercher de l\u2019information. Une recherche rapide ne lui apprit rien de plus, c\u2019\u00e9tait encore trop t\u00f4t. Il envisagea de monter au Plo del May, il faisait beau en ce d\u00e9but d\u2019automne et une promenade en for\u00eat ne lui ferait pas de mal. Comme il n\u2019avait toutefois pas trop envie d\u2019y aller seul, il se dit que Guilhem serait peut-\u00eatre partant pour une balade.<\/p>\n\n\n\n<p>Alric se pr\u00e9senta juste \u00e0 l\u2019heure du caf\u00e9, suivi de son indispensable compagnon. Il \u00e9tait pr\u00e8s de quinze heures quand les deux hommes mont\u00e8rent dans la fourgonnette, le chien \u00e0 l\u2019arri\u00e8re. Guilhem arr\u00eata son v\u00e9hicule en bord de chemin. De nombreuses traces de pneus \u00e9taient encore visibles, signes du passage des services judiciaires quelques jours plus t\u00f4t. Les deux hommes remarqu\u00e8rent quelques lambeaux de rubalise, encore accroch\u00e9s aux branches. L\u2019endroit o\u00f9 le corps avait \u00e9t\u00e9 d\u00e9couvert \u00e9tait enti\u00e8rement d\u00e9gag\u00e9 de toute trace de v\u00e9g\u00e9taux. La terre avait \u00e9t\u00e9 mise \u00e0 nu, et visiblement creus\u00e9e \u00e0 certains endroits.<\/p>\n\n\n\n<p>Marti tourna longtemps autour de la zone, curieux de ces odeurs inconnues, sans rien d\u00e9couvrir de nouveau. Au fond de lui-m\u00eame, Miquel n\u2019imaginait pas trouver un \u00e9l\u00e9ment significatif apr\u00e8s le passage des techniciens de la gendarmerie, mais il y avait une forme de frustration, ou de curiosit\u00e9 morbide, il n\u2019aurait su le dire, qui l\u2019avait pouss\u00e9 \u00e0 revenir sur les lieux.<\/p>\n\n\n\n<p>\u00ab&nbsp;Tiens, en voil\u00e0 un beau&nbsp;\u00bb, lan\u00e7a Guilhem qui s\u2019\u00e9tait \u00e9loign\u00e9 de quelques pas. Un superbe c\u00e8pe, en effet, \u00e0 l\u2019odeur bien caract\u00e9ristique.<\/p>\n\n\n\n<p>\u2014 On ne sera pas mont\u00e9 pour rien&nbsp;!<\/p>\n\n\n\n<p>\u2014 Je n\u2019ai pas trop l\u2019humeur aux champignons, r\u00e9pondit Pujol, sur un ton morose.<\/p>\n\n\n\n<p>\u2014 C\u2019est ce pauvre type qui te chagrine&nbsp;? Ne crois pas que \u00e7a me laisse indiff\u00e9rent, reprit Alric, mais je ne vois pas ce qu\u2019on peut faire pour lui.<\/p>\n\n\n\n<p>\u2014 C\u2019est s\u00fbr, on ne peut plus rien, mais tout de m\u00eame, ce gars m\u2019intrigue. Qu\u2019est-ce qui pousse un type comme \u00e7a \u00e0 venir se faire trucider dans notre montagne&nbsp;?<\/p>\n\n\n\n<p>\u2014 Comme quoi&nbsp;?<\/p>\n\n\n\n<p>\u2014 Tu te souviens de sa tenue&nbsp;? expliqua Pujol. On l\u2019aurait dit tout droit sorti d\u2019un vieil \u00e9pisode de l\u2019inspecteur Derrick.<\/p>\n\n\n\n<p>\u2014 C\u2019est vrai que personne ne porte plus ce genre de cravate.<\/p>\n\n\n\n<p>\u2014 Il n\u2019y a pas que la cravate, c\u2019est tous ses v\u00eatements qui avaient l\u2019air d\u2019avoir cinquante ans.<\/p>\n\n\n\n<p>\u2014 Tu as peut-\u00eatre raison, je n\u2019y avais pas fait attention. En tout cas, s\u2019il s\u2019est promen\u00e9 comme \u00e7a dans la r\u00e9gion, on l\u2019aura forc\u00e9ment remarqu\u00e9.<\/p>\n\n\n\n<p>\u2014 Le journal dit que les gendarmes interrogent les gens dans les villages aux alentours, pr\u00e9cisa l\u2019ancien maire.<\/p>\n\n\n\n<p>\u2014 Ils ne sont pas pass\u00e9s chez moi&nbsp;!<\/p>\n\n\n\n<p>\u2014 Ils ne vont pas sonner \u00e0 toutes les portes, sans doute plut\u00f4t les commerces ou les caf\u00e9s. \u00c0 Arfons, ce sera vite fait&nbsp;!<\/p>\n\n\n\n<p>\u2014 Bon, tu as encore quelque chose \u00e0 voir&nbsp;? demanda Alric.<\/p>\n\n\n\n<p>Les deux hommes suivis du chien redescendirent vers le chemin, Guilhem avait toujours son pr\u00e9cieux champignon \u00e0 la main. Au moment de rejoindre la route, le conducteur d\u00e9signa la st\u00e8le \u00e9rig\u00e9e au carrefour.<\/p>\n\n\n\n<p>\u2014 Et si \u00e7a avait un rapport avec le maquis&nbsp;? sugg\u00e9ra Alric.<\/p>\n\n\n\n<p>\u2014 La guerre est finie depuis quatre-vingts ans&nbsp;!<\/p>\n\n\n\n<p>\u2014 Oui, mais tu l\u2019as dit toi-m\u00eame, ce gars t\u2019a fait penser \u00e0 un Allemand, non&nbsp;?<\/p>\n\n\n\n<p><a href=\"https:\/\/ellington-photo.com\/ErosWalker\/linconnu-de-la-montagne-noire-6\/\">Lire la suite<\/a><\/p>\n\n\n\n<p><\/p>\n","protected":false},"excerpt":{"rendered":"<p>Chapitre 5 Lundi 29 septembre La photo sur la premi\u00e8re page du journal ne montrait rien, sinon deux gendarmes de dos, dans ce qui semblait \u00eatre un paysage forestier, mais le titre \u00e0 la une \u00e9tait accrocheur. L\u2019adjudant avait raison, m\u00eame si l\u2019article ne lui &hellip; <\/p>\n","protected":false},"author":1,"featured_media":552,"parent":0,"menu_order":0,"comment_status":"closed","ping_status":"closed","template":"","meta":{"footnotes":""},"class_list":["post-546","page","type-page","status-publish","has-post-thumbnail","hentry"],"yoast_head":"<!-- This site is optimized with the Yoast SEO plugin v27.5 - https:\/\/yoast.com\/product\/yoast-seo-wordpress\/ -->\n<title>L&#039;inconnu de la Montagne Noire (5) - Eros Walker Stories<\/title>\n<meta name=\"robots\" content=\"index, follow, max-snippet:-1, max-image-preview:large, max-video-preview:-1\" \/>\n<link rel=\"canonical\" href=\"https:\/\/ellington-photo.com\/ErosWalker\/linconnu-de-la-montagne-noire-5\/\" \/>\n<meta property=\"og:locale\" content=\"fr_FR\" \/>\n<meta property=\"og:type\" content=\"article\" \/>\n<meta property=\"og:title\" content=\"L&#039;inconnu de la Montagne Noire (5) - Eros Walker Stories\" \/>\n<meta property=\"og:description\" content=\"Chapitre 5 Lundi 29 septembre La photo sur la premi\u00e8re page du journal ne montrait rien, sinon deux gendarmes de dos, dans ce qui semblait \u00eatre un paysage forestier, mais le titre \u00e0 la une \u00e9tait accrocheur. L\u2019adjudant avait raison, m\u00eame si l\u2019article ne lui &hellip;\" \/>\n<meta property=\"og:url\" content=\"https:\/\/ellington-photo.com\/ErosWalker\/linconnu-de-la-montagne-noire-5\/\" \/>\n<meta property=\"og:site_name\" content=\"Eros Walker Stories\" \/>\n<meta property=\"article:modified_time\" content=\"2026-01-23T09:42:24+00:00\" \/>\n<meta property=\"og:image\" content=\"https:\/\/ellington-photo.com\/ErosWalker\/wp-content\/uploads\/2026\/01\/Chapitre-5-La-stele-du-Maquis.jpg\" \/>\n\t<meta property=\"og:image:width\" content=\"1024\" \/>\n\t<meta property=\"og:image:height\" content=\"768\" \/>\n\t<meta property=\"og:image:type\" content=\"image\/jpeg\" \/>\n<meta name=\"twitter:card\" content=\"summary_large_image\" \/>\n<meta name=\"twitter:label1\" content=\"Dur\u00e9e de lecture estim\u00e9e\" \/>\n\t<meta name=\"twitter:data1\" content=\"5 minutes\" \/>\n<script type=\"application\/ld+json\" class=\"yoast-schema-graph\">{\"@context\":\"https:\\\/\\\/schema.org\",\"@graph\":[{\"@type\":\"WebPage\",\"@id\":\"https:\\\/\\\/ellington-photo.com\\\/ErosWalker\\\/linconnu-de-la-montagne-noire-5\\\/\",\"url\":\"https:\\\/\\\/ellington-photo.com\\\/ErosWalker\\\/linconnu-de-la-montagne-noire-5\\\/\",\"name\":\"L'inconnu de la Montagne Noire (5) - Eros Walker Stories\",\"isPartOf\":{\"@id\":\"https:\\\/\\\/ellington-photo.com\\\/ErosWalker\\\/#website\"},\"primaryImageOfPage\":{\"@id\":\"https:\\\/\\\/ellington-photo.com\\\/ErosWalker\\\/linconnu-de-la-montagne-noire-5\\\/#primaryimage\"},\"image\":{\"@id\":\"https:\\\/\\\/ellington-photo.com\\\/ErosWalker\\\/linconnu-de-la-montagne-noire-5\\\/#primaryimage\"},\"thumbnailUrl\":\"https:\\\/\\\/ellington-photo.com\\\/ErosWalker\\\/wp-content\\\/uploads\\\/2026\\\/01\\\/Chapitre-5-La-stele-du-Maquis.jpg\",\"datePublished\":\"2026-01-20T15:56:32+00:00\",\"dateModified\":\"2026-01-23T09:42:24+00:00\",\"breadcrumb\":{\"@id\":\"https:\\\/\\\/ellington-photo.com\\\/ErosWalker\\\/linconnu-de-la-montagne-noire-5\\\/#breadcrumb\"},\"inLanguage\":\"fr-FR\",\"potentialAction\":[{\"@type\":\"ReadAction\",\"target\":[\"https:\\\/\\\/ellington-photo.com\\\/ErosWalker\\\/linconnu-de-la-montagne-noire-5\\\/\"]}]},{\"@type\":\"ImageObject\",\"inLanguage\":\"fr-FR\",\"@id\":\"https:\\\/\\\/ellington-photo.com\\\/ErosWalker\\\/linconnu-de-la-montagne-noire-5\\\/#primaryimage\",\"url\":\"https:\\\/\\\/ellington-photo.com\\\/ErosWalker\\\/wp-content\\\/uploads\\\/2026\\\/01\\\/Chapitre-5-La-stele-du-Maquis.jpg\",\"contentUrl\":\"https:\\\/\\\/ellington-photo.com\\\/ErosWalker\\\/wp-content\\\/uploads\\\/2026\\\/01\\\/Chapitre-5-La-stele-du-Maquis.jpg\",\"width\":1024,\"height\":768},{\"@type\":\"BreadcrumbList\",\"@id\":\"https:\\\/\\\/ellington-photo.com\\\/ErosWalker\\\/linconnu-de-la-montagne-noire-5\\\/#breadcrumb\",\"itemListElement\":[{\"@type\":\"ListItem\",\"position\":1,\"name\":\"Accueil\",\"item\":\"https:\\\/\\\/ellington-photo.com\\\/ErosWalker\\\/\"},{\"@type\":\"ListItem\",\"position\":2,\"name\":\"L&rsquo;inconnu de la Montagne Noire (5)\"}]},{\"@type\":\"WebSite\",\"@id\":\"https:\\\/\\\/ellington-photo.com\\\/ErosWalker\\\/#website\",\"url\":\"https:\\\/\\\/ellington-photo.com\\\/ErosWalker\\\/\",\"name\":\"Eros Walker Stories\",\"description\":\"Litt\u00e9rature et images\",\"publisher\":{\"@id\":\"https:\\\/\\\/ellington-photo.com\\\/ErosWalker\\\/#organization\"},\"potentialAction\":[{\"@type\":\"SearchAction\",\"target\":{\"@type\":\"EntryPoint\",\"urlTemplate\":\"https:\\\/\\\/ellington-photo.com\\\/ErosWalker\\\/?s={search_term_string}\"},\"query-input\":{\"@type\":\"PropertyValueSpecification\",\"valueRequired\":true,\"valueName\":\"search_term_string\"}}],\"inLanguage\":\"fr-FR\"},{\"@type\":\"Organization\",\"@id\":\"https:\\\/\\\/ellington-photo.com\\\/ErosWalker\\\/#organization\",\"name\":\"Eros Walker Stories\",\"url\":\"https:\\\/\\\/ellington-photo.com\\\/ErosWalker\\\/\",\"logo\":{\"@type\":\"ImageObject\",\"inLanguage\":\"fr-FR\",\"@id\":\"https:\\\/\\\/ellington-photo.com\\\/ErosWalker\\\/#\\\/schema\\\/logo\\\/image\\\/\",\"url\":\"https:\\\/\\\/ellington-photo.com\\\/ErosWalker\\\/wp-content\\\/uploads\\\/2025\\\/05\\\/Chat-Noir.jpg\",\"contentUrl\":\"https:\\\/\\\/ellington-photo.com\\\/ErosWalker\\\/wp-content\\\/uploads\\\/2025\\\/05\\\/Chat-Noir.jpg\",\"width\":400,\"height\":391,\"caption\":\"Eros Walker Stories\"},\"image\":{\"@id\":\"https:\\\/\\\/ellington-photo.com\\\/ErosWalker\\\/#\\\/schema\\\/logo\\\/image\\\/\"},\"sameAs\":[\"https:\\\/\\\/www.linkedin.com\\\/in\\\/eros-walker-ab710a298\\\/\"]}]}<\/script>\n<!-- \/ Yoast SEO plugin. -->","yoast_head_json":{"title":"L'inconnu de la Montagne Noire (5) - Eros Walker Stories","robots":{"index":"index","follow":"follow","max-snippet":"max-snippet:-1","max-image-preview":"max-image-preview:large","max-video-preview":"max-video-preview:-1"},"canonical":"https:\/\/ellington-photo.com\/ErosWalker\/linconnu-de-la-montagne-noire-5\/","og_locale":"fr_FR","og_type":"article","og_title":"L'inconnu de la Montagne Noire (5) - Eros Walker Stories","og_description":"Chapitre 5 Lundi 29 septembre La photo sur la premi\u00e8re page du journal ne montrait rien, sinon deux gendarmes de dos, dans ce qui semblait \u00eatre un paysage forestier, mais le titre \u00e0 la une \u00e9tait accrocheur. L\u2019adjudant avait raison, m\u00eame si l\u2019article ne lui &hellip;","og_url":"https:\/\/ellington-photo.com\/ErosWalker\/linconnu-de-la-montagne-noire-5\/","og_site_name":"Eros Walker Stories","article_modified_time":"2026-01-23T09:42:24+00:00","og_image":[{"width":1024,"height":768,"url":"https:\/\/ellington-photo.com\/ErosWalker\/wp-content\/uploads\/2026\/01\/Chapitre-5-La-stele-du-Maquis.jpg","type":"image\/jpeg"}],"twitter_card":"summary_large_image","twitter_misc":{"Dur\u00e9e de lecture estim\u00e9e":"5 minutes"},"schema":{"@context":"https:\/\/schema.org","@graph":[{"@type":"WebPage","@id":"https:\/\/ellington-photo.com\/ErosWalker\/linconnu-de-la-montagne-noire-5\/","url":"https:\/\/ellington-photo.com\/ErosWalker\/linconnu-de-la-montagne-noire-5\/","name":"L'inconnu de la Montagne Noire (5) - Eros Walker Stories","isPartOf":{"@id":"https:\/\/ellington-photo.com\/ErosWalker\/#website"},"primaryImageOfPage":{"@id":"https:\/\/ellington-photo.com\/ErosWalker\/linconnu-de-la-montagne-noire-5\/#primaryimage"},"image":{"@id":"https:\/\/ellington-photo.com\/ErosWalker\/linconnu-de-la-montagne-noire-5\/#primaryimage"},"thumbnailUrl":"https:\/\/ellington-photo.com\/ErosWalker\/wp-content\/uploads\/2026\/01\/Chapitre-5-La-stele-du-Maquis.jpg","datePublished":"2026-01-20T15:56:32+00:00","dateModified":"2026-01-23T09:42:24+00:00","breadcrumb":{"@id":"https:\/\/ellington-photo.com\/ErosWalker\/linconnu-de-la-montagne-noire-5\/#breadcrumb"},"inLanguage":"fr-FR","potentialAction":[{"@type":"ReadAction","target":["https:\/\/ellington-photo.com\/ErosWalker\/linconnu-de-la-montagne-noire-5\/"]}]},{"@type":"ImageObject","inLanguage":"fr-FR","@id":"https:\/\/ellington-photo.com\/ErosWalker\/linconnu-de-la-montagne-noire-5\/#primaryimage","url":"https:\/\/ellington-photo.com\/ErosWalker\/wp-content\/uploads\/2026\/01\/Chapitre-5-La-stele-du-Maquis.jpg","contentUrl":"https:\/\/ellington-photo.com\/ErosWalker\/wp-content\/uploads\/2026\/01\/Chapitre-5-La-stele-du-Maquis.jpg","width":1024,"height":768},{"@type":"BreadcrumbList","@id":"https:\/\/ellington-photo.com\/ErosWalker\/linconnu-de-la-montagne-noire-5\/#breadcrumb","itemListElement":[{"@type":"ListItem","position":1,"name":"Accueil","item":"https:\/\/ellington-photo.com\/ErosWalker\/"},{"@type":"ListItem","position":2,"name":"L&rsquo;inconnu de la Montagne Noire (5)"}]},{"@type":"WebSite","@id":"https:\/\/ellington-photo.com\/ErosWalker\/#website","url":"https:\/\/ellington-photo.com\/ErosWalker\/","name":"Eros Walker Stories","description":"Litt\u00e9rature et images","publisher":{"@id":"https:\/\/ellington-photo.com\/ErosWalker\/#organization"},"potentialAction":[{"@type":"SearchAction","target":{"@type":"EntryPoint","urlTemplate":"https:\/\/ellington-photo.com\/ErosWalker\/?s={search_term_string}"},"query-input":{"@type":"PropertyValueSpecification","valueRequired":true,"valueName":"search_term_string"}}],"inLanguage":"fr-FR"},{"@type":"Organization","@id":"https:\/\/ellington-photo.com\/ErosWalker\/#organization","name":"Eros Walker Stories","url":"https:\/\/ellington-photo.com\/ErosWalker\/","logo":{"@type":"ImageObject","inLanguage":"fr-FR","@id":"https:\/\/ellington-photo.com\/ErosWalker\/#\/schema\/logo\/image\/","url":"https:\/\/ellington-photo.com\/ErosWalker\/wp-content\/uploads\/2025\/05\/Chat-Noir.jpg","contentUrl":"https:\/\/ellington-photo.com\/ErosWalker\/wp-content\/uploads\/2025\/05\/Chat-Noir.jpg","width":400,"height":391,"caption":"Eros Walker Stories"},"image":{"@id":"https:\/\/ellington-photo.com\/ErosWalker\/#\/schema\/logo\/image\/"},"sameAs":["https:\/\/www.linkedin.com\/in\/eros-walker-ab710a298\/"]}]}},"_links":{"self":[{"href":"https:\/\/ellington-photo.com\/ErosWalker\/wp-json\/wp\/v2\/pages\/546","targetHints":{"allow":["GET"]}}],"collection":[{"href":"https:\/\/ellington-photo.com\/ErosWalker\/wp-json\/wp\/v2\/pages"}],"about":[{"href":"https:\/\/ellington-photo.com\/ErosWalker\/wp-json\/wp\/v2\/types\/page"}],"author":[{"embeddable":true,"href":"https:\/\/ellington-photo.com\/ErosWalker\/wp-json\/wp\/v2\/users\/1"}],"replies":[{"embeddable":true,"href":"https:\/\/ellington-photo.com\/ErosWalker\/wp-json\/wp\/v2\/comments?post=546"}],"version-history":[{"count":3,"href":"https:\/\/ellington-photo.com\/ErosWalker\/wp-json\/wp\/v2\/pages\/546\/revisions"}],"predecessor-version":[{"id":557,"href":"https:\/\/ellington-photo.com\/ErosWalker\/wp-json\/wp\/v2\/pages\/546\/revisions\/557"}],"wp:featuredmedia":[{"embeddable":true,"href":"https:\/\/ellington-photo.com\/ErosWalker\/wp-json\/wp\/v2\/media\/552"}],"wp:attachment":[{"href":"https:\/\/ellington-photo.com\/ErosWalker\/wp-json\/wp\/v2\/media?parent=546"}],"curies":[{"name":"wp","href":"https:\/\/api.w.org\/{rel}","templated":true}]}}