{"id":540,"date":"2026-01-20T16:46:51","date_gmt":"2026-01-20T15:46:51","guid":{"rendered":"https:\/\/ellington-photo.com\/ErosWalker\/?page_id=540"},"modified":"2026-01-20T17:24:38","modified_gmt":"2026-01-20T16:24:38","slug":"linconnu-de-la-montagne-noire-4","status":"publish","type":"page","link":"https:\/\/ellington-photo.com\/ErosWalker\/linconnu-de-la-montagne-noire-4\/","title":{"rendered":"L&rsquo;inconnu de la Montagne Noire (4)"},"content":{"rendered":"\n<p class=\"has-medium-font-size\"><strong>Chapitre 4<\/strong><\/p>\n\n\n\n<p><strong>Lundi 29 septembre<\/strong><\/p>\n\n\n\n<p>La D\u00e9p\u00eache du Midi, \u00e9dition Tarn Sud&nbsp;:<\/p>\n\n\n\n<p><strong>FAIT DIVERS<\/strong> <strong>Macabre d\u00e9couverte \u00e0 Massaguel : un homme retrouv\u00e9 mort pr\u00e8s du Plo del May<\/strong><\/p>\n\n\n\n<p><strong>MASSAGUEL.<\/strong> C\u2019est une d\u00e9couverte gla\u00e7ante qui a boulevers\u00e9 le calme habituel de la Montagne Noire, vendredi apr\u00e8s-midi. Un chercheur de champignons, parti en qu\u00eate de c\u00e8pes pr\u00e8s du lieu-dit <strong>Plo del May<\/strong>, sur la commune de Massaguel, est tomb\u00e9 sur le cadavre d\u2019un homme, <strong>sommairement enterr\u00e9<\/strong> \u00e0 quelques m\u00e8tres d\u2019un sentier de randonn\u00e9e. Alert\u00e9s vers 16h30, les gendarmes de la brigade de Labrugui\u00e8re ont imm\u00e9diatement s\u00e9curis\u00e9 les lieux avant de transmettre l\u2019affaire \u00e0 la <strong>brigade de recherche de la gendarmerie de Toulouse<\/strong>, comp\u00e9tente pour les enqu\u00eates criminelles.<\/p>\n\n\n\n<p>Selon les premi\u00e8res informations communiqu\u00e9es par le <strong>parquet de Castres<\/strong>, la victime serait un homme d\u2019une <strong>soixantaine d\u2019ann\u00e9es<\/strong>, dont l\u2019identit\u00e9 n\u2019a pas encore \u00e9t\u00e9 r\u00e9v\u00e9l\u00e9e. Les experts de l\u2019<strong>Institut national de police scientifique (INPS)<\/strong> ont confirm\u00e9 qu\u2019il avait \u00e9t\u00e9 <strong>abattu de trois balles dans le thorax<\/strong>, dont une en plein c\u0153ur. <em>\u00ab Tout porte \u00e0 croire qu\u2019il s\u2019agit d\u2019un homicide \u00bb,<\/em> a indiqu\u00e9 une source judiciaire, pr\u00e9cisant que <em>\u00ab les circonstances exactes de ce drame restent \u00e0 \u00e9claircir \u00bb<\/em>.<\/p>\n\n\n\n<p><strong>Aucune piste privil\u00e9gi\u00e9e pour l\u2019instant<\/strong><\/p>\n\n\n\n<p>Pour l\u2019heure, les enqu\u00eateurs de la <strong>section de recherches de Toulouse<\/strong> refusent de se prononcer sur les motivations du crime. <em>\u00ab Aucune hypoth\u00e8se n\u2019est \u00e9cart\u00e9e, mais rien ne permet non plus d\u2019orienter les investigations vers une piste en particulier \u00bb<\/em>, a d\u00e9clar\u00e9 un proche du dossier. Les premi\u00e8res constations semblent cependant \u00e9carter la th\u00e8se d\u2019un <strong>r\u00e8glement de comptes entre trafiquants<\/strong>, fr\u00e9quente ces derniers mois dans le sud de la r\u00e9gion. <em>\u00ab L\u2019\u00e2ge de la victime et sa tenue vestimentaire ne correspondent pas au profil habituel des affaires li\u00e9es au narcotrafic \u00bb<\/em>, a confi\u00e9 une source polici\u00e8re sous couvert d\u2019anonymat.<\/p>\n\n\n\n<p>Les gendarmes ont commenc\u00e9 \u00e0 <strong>recueillir les t\u00e9moignages<\/strong> des habitants de Massaguel et des communes voisines (Escoussens, Arfons), ainsi qu\u2019\u00e0 <strong>passer au peigne fin<\/strong> les alentours du Plo del May, un site connu pour ses anciennes carri\u00e8res de marbre et ses grottes, fr\u00e9quent\u00e9 par les randonneurs et les chasseurs. <em>\u00ab On conna\u00eet bien les coins paum\u00e9s de la Montagne Noire, mais un truc comme \u00e7a, \u00e7a fait froid dans le dos \u00bb<\/em>, a r\u00e9agi un habitant de Sor\u00e8ze, sous le choc.<\/p>\n\n\n\n<p><strong>Appel \u00e0 t\u00e9moins<\/strong><\/p>\n\n\n\n<p>Le procureur de Castres a lanc\u00e9 un <strong>appel \u00e0 t\u00e9moins<\/strong> : toute personne ayant remarqu\u00e9 un comportement suspect, un v\u00e9hicule inconnu ou une pr\u00e9sence inhabituelle pr\u00e8s du Plo del May dans les <strong>derniers jours<\/strong> est invit\u00e9e \u00e0 contacter la gendarmerie de Labrugui\u00e8re.<\/p>\n\n\n\n<p><a href=\"https:\/\/ellington-photo.com\/ErosWalker\/linconnu-de-la-montagne-noire-5\/\" type=\"link\" id=\"https:\/\/ellington-photo.com\/ErosWalker\/linconnu-de-la-montagne-noire-4\/\">Lire la suite<\/a><\/p>\n\n\n\n<p><\/p>\n","protected":false},"excerpt":{"rendered":"<p>Chapitre 4 Lundi 29 septembre La D\u00e9p\u00eache du Midi, \u00e9dition Tarn Sud&nbsp;: FAIT DIVERS Macabre d\u00e9couverte \u00e0 Massaguel : un homme retrouv\u00e9 mort pr\u00e8s du Plo del May MASSAGUEL. C\u2019est une d\u00e9couverte gla\u00e7ante qui a boulevers\u00e9 le calme habituel de la Montagne Noire, vendredi apr\u00e8s-midi. &hellip; <\/p>\n","protected":false},"author":1,"featured_media":551,"parent":0,"menu_order":0,"comment_status":"closed","ping_status":"closed","template":"","meta":{"footnotes":""},"class_list":["post-540","page","type-page","status-publish","has-post-thumbnail","hentry"],"yoast_head":"<!-- This site is optimized with the Yoast SEO plugin v27.5 - https:\/\/yoast.com\/product\/yoast-seo-wordpress\/ -->\n<title>L&#039;inconnu de la Montagne Noire (4) - Eros Walker Stories<\/title>\n<meta name=\"robots\" content=\"index, follow, max-snippet:-1, max-image-preview:large, max-video-preview:-1\" \/>\n<link rel=\"canonical\" href=\"https:\/\/ellington-photo.com\/ErosWalker\/linconnu-de-la-montagne-noire-4\/\" \/>\n<meta property=\"og:locale\" content=\"fr_FR\" \/>\n<meta property=\"og:type\" content=\"article\" \/>\n<meta property=\"og:title\" content=\"L&#039;inconnu de la Montagne Noire (4) - Eros Walker Stories\" \/>\n<meta property=\"og:description\" content=\"Chapitre 4 Lundi 29 septembre La D\u00e9p\u00eache du Midi, \u00e9dition Tarn Sud&nbsp;: FAIT DIVERS Macabre d\u00e9couverte \u00e0 Massaguel : un homme retrouv\u00e9 mort pr\u00e8s du Plo del May MASSAGUEL. C\u2019est une d\u00e9couverte gla\u00e7ante qui a boulevers\u00e9 le calme habituel de la Montagne Noire, vendredi apr\u00e8s-midi. &hellip;\" \/>\n<meta property=\"og:url\" content=\"https:\/\/ellington-photo.com\/ErosWalker\/linconnu-de-la-montagne-noire-4\/\" \/>\n<meta property=\"og:site_name\" content=\"Eros Walker Stories\" \/>\n<meta property=\"article:modified_time\" content=\"2026-01-20T16:24:38+00:00\" \/>\n<meta property=\"og:image\" content=\"https:\/\/ellington-photo.com\/ErosWalker\/wp-content\/uploads\/2026\/01\/Chapitre-4-La-Depeche.jpg\" \/>\n\t<meta property=\"og:image:width\" content=\"1024\" \/>\n\t<meta property=\"og:image:height\" content=\"768\" \/>\n\t<meta property=\"og:image:type\" content=\"image\/jpeg\" \/>\n<meta name=\"twitter:card\" content=\"summary_large_image\" \/>\n<meta name=\"twitter:label1\" content=\"Dur\u00e9e de lecture estim\u00e9e\" \/>\n\t<meta name=\"twitter:data1\" content=\"3 minutes\" \/>\n<script type=\"application\/ld+json\" class=\"yoast-schema-graph\">{\"@context\":\"https:\\\/\\\/schema.org\",\"@graph\":[{\"@type\":\"WebPage\",\"@id\":\"https:\\\/\\\/ellington-photo.com\\\/ErosWalker\\\/linconnu-de-la-montagne-noire-4\\\/\",\"url\":\"https:\\\/\\\/ellington-photo.com\\\/ErosWalker\\\/linconnu-de-la-montagne-noire-4\\\/\",\"name\":\"L'inconnu de la Montagne Noire (4) - Eros Walker Stories\",\"isPartOf\":{\"@id\":\"https:\\\/\\\/ellington-photo.com\\\/ErosWalker\\\/#website\"},\"primaryImageOfPage\":{\"@id\":\"https:\\\/\\\/ellington-photo.com\\\/ErosWalker\\\/linconnu-de-la-montagne-noire-4\\\/#primaryimage\"},\"image\":{\"@id\":\"https:\\\/\\\/ellington-photo.com\\\/ErosWalker\\\/linconnu-de-la-montagne-noire-4\\\/#primaryimage\"},\"thumbnailUrl\":\"https:\\\/\\\/ellington-photo.com\\\/ErosWalker\\\/wp-content\\\/uploads\\\/2026\\\/01\\\/Chapitre-4-La-Depeche.jpg\",\"datePublished\":\"2026-01-20T15:46:51+00:00\",\"dateModified\":\"2026-01-20T16:24:38+00:00\",\"breadcrumb\":{\"@id\":\"https:\\\/\\\/ellington-photo.com\\\/ErosWalker\\\/linconnu-de-la-montagne-noire-4\\\/#breadcrumb\"},\"inLanguage\":\"fr-FR\",\"potentialAction\":[{\"@type\":\"ReadAction\",\"target\":[\"https:\\\/\\\/ellington-photo.com\\\/ErosWalker\\\/linconnu-de-la-montagne-noire-4\\\/\"]}]},{\"@type\":\"ImageObject\",\"inLanguage\":\"fr-FR\",\"@id\":\"https:\\\/\\\/ellington-photo.com\\\/ErosWalker\\\/linconnu-de-la-montagne-noire-4\\\/#primaryimage\",\"url\":\"https:\\\/\\\/ellington-photo.com\\\/ErosWalker\\\/wp-content\\\/uploads\\\/2026\\\/01\\\/Chapitre-4-La-Depeche.jpg\",\"contentUrl\":\"https:\\\/\\\/ellington-photo.com\\\/ErosWalker\\\/wp-content\\\/uploads\\\/2026\\\/01\\\/Chapitre-4-La-Depeche.jpg\",\"width\":1024,\"height\":768},{\"@type\":\"BreadcrumbList\",\"@id\":\"https:\\\/\\\/ellington-photo.com\\\/ErosWalker\\\/linconnu-de-la-montagne-noire-4\\\/#breadcrumb\",\"itemListElement\":[{\"@type\":\"ListItem\",\"position\":1,\"name\":\"Accueil\",\"item\":\"https:\\\/\\\/ellington-photo.com\\\/ErosWalker\\\/\"},{\"@type\":\"ListItem\",\"position\":2,\"name\":\"L&rsquo;inconnu de la Montagne Noire (4)\"}]},{\"@type\":\"WebSite\",\"@id\":\"https:\\\/\\\/ellington-photo.com\\\/ErosWalker\\\/#website\",\"url\":\"https:\\\/\\\/ellington-photo.com\\\/ErosWalker\\\/\",\"name\":\"Eros Walker Stories\",\"description\":\"Litt\u00e9rature et images\",\"publisher\":{\"@id\":\"https:\\\/\\\/ellington-photo.com\\\/ErosWalker\\\/#organization\"},\"potentialAction\":[{\"@type\":\"SearchAction\",\"target\":{\"@type\":\"EntryPoint\",\"urlTemplate\":\"https:\\\/\\\/ellington-photo.com\\\/ErosWalker\\\/?s={search_term_string}\"},\"query-input\":{\"@type\":\"PropertyValueSpecification\",\"valueRequired\":true,\"valueName\":\"search_term_string\"}}],\"inLanguage\":\"fr-FR\"},{\"@type\":\"Organization\",\"@id\":\"https:\\\/\\\/ellington-photo.com\\\/ErosWalker\\\/#organization\",\"name\":\"Eros Walker Stories\",\"url\":\"https:\\\/\\\/ellington-photo.com\\\/ErosWalker\\\/\",\"logo\":{\"@type\":\"ImageObject\",\"inLanguage\":\"fr-FR\",\"@id\":\"https:\\\/\\\/ellington-photo.com\\\/ErosWalker\\\/#\\\/schema\\\/logo\\\/image\\\/\",\"url\":\"https:\\\/\\\/ellington-photo.com\\\/ErosWalker\\\/wp-content\\\/uploads\\\/2025\\\/05\\\/Chat-Noir.jpg\",\"contentUrl\":\"https:\\\/\\\/ellington-photo.com\\\/ErosWalker\\\/wp-content\\\/uploads\\\/2025\\\/05\\\/Chat-Noir.jpg\",\"width\":400,\"height\":391,\"caption\":\"Eros Walker Stories\"},\"image\":{\"@id\":\"https:\\\/\\\/ellington-photo.com\\\/ErosWalker\\\/#\\\/schema\\\/logo\\\/image\\\/\"},\"sameAs\":[\"https:\\\/\\\/www.linkedin.com\\\/in\\\/eros-walker-ab710a298\\\/\"]}]}<\/script>\n<!-- \/ Yoast SEO plugin. -->","yoast_head_json":{"title":"L'inconnu de la Montagne Noire (4) - Eros Walker Stories","robots":{"index":"index","follow":"follow","max-snippet":"max-snippet:-1","max-image-preview":"max-image-preview:large","max-video-preview":"max-video-preview:-1"},"canonical":"https:\/\/ellington-photo.com\/ErosWalker\/linconnu-de-la-montagne-noire-4\/","og_locale":"fr_FR","og_type":"article","og_title":"L'inconnu de la Montagne Noire (4) - Eros Walker Stories","og_description":"Chapitre 4 Lundi 29 septembre La D\u00e9p\u00eache du Midi, \u00e9dition Tarn Sud&nbsp;: FAIT DIVERS Macabre d\u00e9couverte \u00e0 Massaguel : un homme retrouv\u00e9 mort pr\u00e8s du Plo del May MASSAGUEL. C\u2019est une d\u00e9couverte gla\u00e7ante qui a boulevers\u00e9 le calme habituel de la Montagne Noire, vendredi apr\u00e8s-midi. &hellip;","og_url":"https:\/\/ellington-photo.com\/ErosWalker\/linconnu-de-la-montagne-noire-4\/","og_site_name":"Eros Walker Stories","article_modified_time":"2026-01-20T16:24:38+00:00","og_image":[{"width":1024,"height":768,"url":"https:\/\/ellington-photo.com\/ErosWalker\/wp-content\/uploads\/2026\/01\/Chapitre-4-La-Depeche.jpg","type":"image\/jpeg"}],"twitter_card":"summary_large_image","twitter_misc":{"Dur\u00e9e de lecture estim\u00e9e":"3 minutes"},"schema":{"@context":"https:\/\/schema.org","@graph":[{"@type":"WebPage","@id":"https:\/\/ellington-photo.com\/ErosWalker\/linconnu-de-la-montagne-noire-4\/","url":"https:\/\/ellington-photo.com\/ErosWalker\/linconnu-de-la-montagne-noire-4\/","name":"L'inconnu de la Montagne Noire (4) - Eros Walker Stories","isPartOf":{"@id":"https:\/\/ellington-photo.com\/ErosWalker\/#website"},"primaryImageOfPage":{"@id":"https:\/\/ellington-photo.com\/ErosWalker\/linconnu-de-la-montagne-noire-4\/#primaryimage"},"image":{"@id":"https:\/\/ellington-photo.com\/ErosWalker\/linconnu-de-la-montagne-noire-4\/#primaryimage"},"thumbnailUrl":"https:\/\/ellington-photo.com\/ErosWalker\/wp-content\/uploads\/2026\/01\/Chapitre-4-La-Depeche.jpg","datePublished":"2026-01-20T15:46:51+00:00","dateModified":"2026-01-20T16:24:38+00:00","breadcrumb":{"@id":"https:\/\/ellington-photo.com\/ErosWalker\/linconnu-de-la-montagne-noire-4\/#breadcrumb"},"inLanguage":"fr-FR","potentialAction":[{"@type":"ReadAction","target":["https:\/\/ellington-photo.com\/ErosWalker\/linconnu-de-la-montagne-noire-4\/"]}]},{"@type":"ImageObject","inLanguage":"fr-FR","@id":"https:\/\/ellington-photo.com\/ErosWalker\/linconnu-de-la-montagne-noire-4\/#primaryimage","url":"https:\/\/ellington-photo.com\/ErosWalker\/wp-content\/uploads\/2026\/01\/Chapitre-4-La-Depeche.jpg","contentUrl":"https:\/\/ellington-photo.com\/ErosWalker\/wp-content\/uploads\/2026\/01\/Chapitre-4-La-Depeche.jpg","width":1024,"height":768},{"@type":"BreadcrumbList","@id":"https:\/\/ellington-photo.com\/ErosWalker\/linconnu-de-la-montagne-noire-4\/#breadcrumb","itemListElement":[{"@type":"ListItem","position":1,"name":"Accueil","item":"https:\/\/ellington-photo.com\/ErosWalker\/"},{"@type":"ListItem","position":2,"name":"L&rsquo;inconnu de la Montagne Noire (4)"}]},{"@type":"WebSite","@id":"https:\/\/ellington-photo.com\/ErosWalker\/#website","url":"https:\/\/ellington-photo.com\/ErosWalker\/","name":"Eros Walker Stories","description":"Litt\u00e9rature et images","publisher":{"@id":"https:\/\/ellington-photo.com\/ErosWalker\/#organization"},"potentialAction":[{"@type":"SearchAction","target":{"@type":"EntryPoint","urlTemplate":"https:\/\/ellington-photo.com\/ErosWalker\/?s={search_term_string}"},"query-input":{"@type":"PropertyValueSpecification","valueRequired":true,"valueName":"search_term_string"}}],"inLanguage":"fr-FR"},{"@type":"Organization","@id":"https:\/\/ellington-photo.com\/ErosWalker\/#organization","name":"Eros Walker Stories","url":"https:\/\/ellington-photo.com\/ErosWalker\/","logo":{"@type":"ImageObject","inLanguage":"fr-FR","@id":"https:\/\/ellington-photo.com\/ErosWalker\/#\/schema\/logo\/image\/","url":"https:\/\/ellington-photo.com\/ErosWalker\/wp-content\/uploads\/2025\/05\/Chat-Noir.jpg","contentUrl":"https:\/\/ellington-photo.com\/ErosWalker\/wp-content\/uploads\/2025\/05\/Chat-Noir.jpg","width":400,"height":391,"caption":"Eros Walker Stories"},"image":{"@id":"https:\/\/ellington-photo.com\/ErosWalker\/#\/schema\/logo\/image\/"},"sameAs":["https:\/\/www.linkedin.com\/in\/eros-walker-ab710a298\/"]}]}},"_links":{"self":[{"href":"https:\/\/ellington-photo.com\/ErosWalker\/wp-json\/wp\/v2\/pages\/540","targetHints":{"allow":["GET"]}}],"collection":[{"href":"https:\/\/ellington-photo.com\/ErosWalker\/wp-json\/wp\/v2\/pages"}],"about":[{"href":"https:\/\/ellington-photo.com\/ErosWalker\/wp-json\/wp\/v2\/types\/page"}],"author":[{"embeddable":true,"href":"https:\/\/ellington-photo.com\/ErosWalker\/wp-json\/wp\/v2\/users\/1"}],"replies":[{"embeddable":true,"href":"https:\/\/ellington-photo.com\/ErosWalker\/wp-json\/wp\/v2\/comments?post=540"}],"version-history":[{"count":2,"href":"https:\/\/ellington-photo.com\/ErosWalker\/wp-json\/wp\/v2\/pages\/540\/revisions"}],"predecessor-version":[{"id":550,"href":"https:\/\/ellington-photo.com\/ErosWalker\/wp-json\/wp\/v2\/pages\/540\/revisions\/550"}],"wp:featuredmedia":[{"embeddable":true,"href":"https:\/\/ellington-photo.com\/ErosWalker\/wp-json\/wp\/v2\/media\/551"}],"wp:attachment":[{"href":"https:\/\/ellington-photo.com\/ErosWalker\/wp-json\/wp\/v2\/media?parent=540"}],"curies":[{"name":"wp","href":"https:\/\/api.w.org\/{rel}","templated":true}]}}